{"id":2196,"date":"2020-11-08T19:39:50","date_gmt":"2020-11-08T18:39:50","guid":{"rendered":"http:\/\/centre-danse.fr\/?page_id=2196"},"modified":"2026-03-30T12:20:29","modified_gmt":"2026-03-30T10:20:29","slug":"actu","status":"publish","type":"page","link":"http:\/\/centre-danse.fr\/?page_id=2196","title":{"rendered":"Actualit\u00e9"},"content":{"rendered":"\t\t<div data-elementor-type=\"wp-page\" data-elementor-id=\"2196\" class=\"elementor elementor-2196\">\n\t\t\t\t\t\t<section class=\"elementor-section elementor-top-section elementor-element elementor-element-f161214 elementor-section-boxed elementor-section-height-default elementor-section-height-default\" data-id=\"f161214\" data-element_type=\"section\">\n\t\t\t\t\t\t<div class=\"elementor-container elementor-column-gap-default\">\n\t\t\t\t\t<div class=\"elementor-column elementor-col-100 elementor-top-column elementor-element elementor-element-8dec4ef\" data-id=\"8dec4ef\" data-element_type=\"column\">\n\t\t\t<div class=\"elementor-widget-wrap elementor-element-populated\">\n\t\t\t\t\t\t<div class=\"elementor-element elementor-element-8743104 elementor-widget elementor-widget-heading\" data-id=\"8743104\" data-element_type=\"widget\" data-widget_type=\"heading.default\">\n\t\t\t\t<div class=\"elementor-widget-container\">\n\t\t\t\t\t<h2 class=\"elementor-heading-title elementor-size-default\">Stages de danse 2026<\/h2>\t\t\t\t<\/div>\n\t\t\t\t<\/div>\n\t\t\t\t<section class=\"elementor-section elementor-inner-section elementor-element elementor-element-42455b4 elementor-section-boxed elementor-section-height-default elementor-section-height-default\" data-id=\"42455b4\" data-element_type=\"section\">\n\t\t\t\t\t\t<div class=\"elementor-container elementor-column-gap-default\">\n\t\t\t\t\t<div class=\"elementor-column elementor-col-50 elementor-inner-column elementor-element elementor-element-2c82b15\" data-id=\"2c82b15\" data-element_type=\"column\">\n\t\t\t<div class=\"elementor-widget-wrap elementor-element-populated\">\n\t\t\t\t\t\t<div class=\"elementor-element elementor-element-f9b54da elementor-widget elementor-widget-image\" data-id=\"f9b54da\" data-element_type=\"widget\" data-widget_type=\"image.default\">\n\t\t\t\t<div class=\"elementor-widget-container\">\n\t\t\t\t\t\t\t\t\t\t\t\t\t\t\t<img decoding=\"async\" src=\"http:\/\/centre-danse.fr\/wp-content\/uploads\/elementor\/thumbs\/Affiche-Stage-N-CROUZET-AVRIL2026-2-scaled-rl9kknebt9mbqnwrchgikb04m9zrl9lkejmi1y9u52.jpg\" title=\"Affiche-Stage-N-CROUZET-AVRIL2026\" alt=\"Affiche-Stage-N-CROUZET-AVRIL2026\" loading=\"lazy\" \/>\t\t\t\t\t\t\t\t\t\t\t\t\t\t\t<\/div>\n\t\t\t\t<\/div>\n\t\t\t\t\t<\/div>\n\t\t<\/div>\n\t\t\t\t<div class=\"elementor-column elementor-col-50 elementor-inner-column elementor-element elementor-element-b761fcf\" data-id=\"b761fcf\" data-element_type=\"column\">\n\t\t\t<div class=\"elementor-widget-wrap elementor-element-populated\">\n\t\t\t\t\t\t<div class=\"elementor-element elementor-element-849ff4d elementor-widget elementor-widget-text-editor\" data-id=\"849ff4d\" data-element_type=\"widget\" data-widget_type=\"text-editor.default\">\n\t\t\t\t<div class=\"elementor-widget-container\">\n\t\t\t\t\t\t\t\t\t<p><strong>Samedi 18 avril 2026<\/strong><\/p><p><strong>Modern&rsquo;Jazz avec Natacha CROUZET<\/strong><\/p><p>Nous avons le plaisir d&rsquo;accueillir une nouvelle fois Natacha qui vous propose 2 cours de danse modern&rsquo;jazz : d\u00e9butant\/inter et inter\/avanc\u00e9.<\/p><p><em>Horaires et modalit\u00e9s sur l&rsquo;affiche<\/em><\/p><p>Ce stage est ouvert \u00e0 tous (adh\u00e9rents et non-adh\u00e9rents) \u00e0 partir de 12 ans.<\/p><p><em>Informations et inscriptions : associationcentredanse@hotmail.fr<\/em><\/p>\t\t\t\t\t\t\t\t<\/div>\n\t\t\t\t<\/div>\n\t\t\t\t\t<\/div>\n\t\t<\/div>\n\t\t\t\t\t<\/div>\n\t\t<\/section>\n\t\t\t\t<section class=\"elementor-section elementor-inner-section elementor-element elementor-element-4d853dd elementor-section-boxed elementor-section-height-default elementor-section-height-default\" data-id=\"4d853dd\" data-element_type=\"section\">\n\t\t\t\t\t\t<div class=\"elementor-container elementor-column-gap-default\">\n\t\t\t\t\t<div class=\"elementor-column elementor-col-50 elementor-inner-column elementor-element elementor-element-c891126\" data-id=\"c891126\" data-element_type=\"column\">\n\t\t\t<div class=\"elementor-widget-wrap elementor-element-populated\">\n\t\t\t\t\t\t<div class=\"elementor-element elementor-element-b33e13b elementor-widget elementor-widget-image\" data-id=\"b33e13b\" data-element_type=\"widget\" data-widget_type=\"image.default\">\n\t\t\t\t<div class=\"elementor-widget-container\">\n\t\t\t\t\t\t\t\t\t\t\t\t\t\t\t<img decoding=\"async\" src=\"http:\/\/centre-danse.fr\/wp-content\/uploads\/elementor\/thumbs\/affiche-Stage-JulieLopez-scaled-rir4618sitqu4jx3swmtx1jv4wrwho6k0vdkop9wpi.jpg\" title=\"affiche-Stage-JulieLopez\" alt=\"affiche-Stage-JulieLopez\" loading=\"lazy\" \/>\t\t\t\t\t\t\t\t\t\t\t\t\t\t\t<\/div>\n\t\t\t\t<\/div>\n\t\t\t\t\t<\/div>\n\t\t<\/div>\n\t\t\t\t<div class=\"elementor-column elementor-col-50 elementor-inner-column elementor-element elementor-element-503d16c\" data-id=\"503d16c\" data-element_type=\"column\">\n\t\t\t<div class=\"elementor-widget-wrap elementor-element-populated\">\n\t\t\t\t\t\t<div class=\"elementor-element elementor-element-09f4832 elementor-widget elementor-widget-text-editor\" data-id=\"09f4832\" data-element_type=\"widget\" data-widget_type=\"text-editor.default\">\n\t\t\t\t<div class=\"elementor-widget-container\">\n\t\t\t\t\t\t\t\t\t<p><strong>Samedi 28 mars 2026<\/strong><\/p><p><strong>Modern&rsquo;Jazz avec Julie Lopez<\/strong><\/p><p>Nous avons le plaisir d&rsquo;accueillir une nouvelle fois Julie qui vous propose 3 cours de danse modern&rsquo;jazz : enfants &#8211; d\u00e9butant\/inter &#8211; inter\/avanc\u00e9.<\/p><p><em>Horaires et modalit\u00e9s sur l&rsquo;affiche<\/em><\/p><p>Ce stage est ouvert \u00e0 tous (adh\u00e9rents et non-adh\u00e9rents) \u00e0 partir de 7 ans.<\/p><p><em>Informations et inscriptions : associationcentredanse@hotmail.fr<\/em><\/p>\t\t\t\t\t\t\t\t<\/div>\n\t\t\t\t<\/div>\n\t\t\t\t\t<\/div>\n\t\t<\/div>\n\t\t\t\t\t<\/div>\n\t\t<\/section>\n\t\t\t\t<div class=\"elementor-element elementor-element-5eb52e2 elementor-widget elementor-widget-heading\" data-id=\"5eb52e2\" data-element_type=\"widget\" data-widget_type=\"heading.default\">\n\t\t\t\t<div class=\"elementor-widget-container\">\n\t\t\t\t\t<h2 class=\"elementor-heading-title elementor-size-default\">Spectacle de No\u00ebl 2025<\/h2>\t\t\t\t<\/div>\n\t\t\t\t<\/div>\n\t\t\t\t<section class=\"elementor-section elementor-inner-section elementor-element elementor-element-a9407ff elementor-section-boxed elementor-section-height-default elementor-section-height-default\" data-id=\"a9407ff\" data-element_type=\"section\">\n\t\t\t\t\t\t<div class=\"elementor-container elementor-column-gap-default\">\n\t\t\t\t\t<div class=\"elementor-column elementor-col-50 elementor-inner-column elementor-element elementor-element-e0b0ef5\" data-id=\"e0b0ef5\" data-element_type=\"column\">\n\t\t\t<div class=\"elementor-widget-wrap elementor-element-populated\">\n\t\t\t\t\t\t<div class=\"elementor-element elementor-element-503c398 elementor-widget elementor-widget-image\" data-id=\"503c398\" data-element_type=\"widget\" data-widget_type=\"image.default\">\n\t\t\t\t<div class=\"elementor-widget-container\">\n\t\t\t\t\t\t\t\t\t\t\t\t\t\t\t<img decoding=\"async\" src=\"http:\/\/centre-danse.fr\/wp-content\/uploads\/elementor\/thumbs\/FB_IMG_1764155129208-rfihzqv4eiaqriwlwa1fv95m0ag0wrj7nlhy3ll9zq.jpg\" title=\"FB_IMG_1764155129208\" alt=\"FB_IMG_1764155129208\" loading=\"lazy\" \/>\t\t\t\t\t\t\t\t\t\t\t\t\t\t\t<\/div>\n\t\t\t\t<\/div>\n\t\t\t\t\t<\/div>\n\t\t<\/div>\n\t\t\t\t<div class=\"elementor-column elementor-col-50 elementor-inner-column elementor-element elementor-element-338df22\" data-id=\"338df22\" data-element_type=\"column\">\n\t\t\t<div class=\"elementor-widget-wrap elementor-element-populated\">\n\t\t\t\t\t\t<div class=\"elementor-element elementor-element-8027aaa elementor-widget elementor-widget-text-editor\" data-id=\"8027aaa\" data-element_type=\"widget\" data-widget_type=\"text-editor.default\">\n\t\t\t\t<div class=\"elementor-widget-container\">\n\t\t\t\t\t\t\t\t\t<p>Spectacle caritatif de No\u00ebl donn\u00e9 au profit de La Ligue contre le cancer et de l&rsquo;AFM T\u00e9l\u00e9thon.<\/p><p>Les \u00e9l\u00e8ves de l&rsquo;association, petits et grands, se produiront \u00e0 19h sur la sc\u00e8ne du Palais des Spectacles le <strong>samedi 20 d\u00e9cembre 2025 <\/strong>\u00a0pour 1h de repr\u00e9sentation.<\/p><p>Nous vous proposons d\u00e8s 11h et tout au long de la journ\u00e9e et de la soir\u00e9e une buvette avec vente de boissons et de p\u00e2tisseries.<\/p><p><strong>Billetterie<\/strong>\u00a0:<\/p><ul><li>10 d\u00e9cembre &#8211; 17h \u00e0 19h &#8211; Centre Pierre Cardinal (salle 21)<\/li><li>20 d\u00e9cembre &#8211; sur place d\u00e8s 11h<\/li><\/ul><p>Entr\u00e9e 7\u20ac (<em>gratuit pour les moins de 3 ans)\u00a0<\/em><\/p>\t\t\t\t\t\t\t\t<\/div>\n\t\t\t\t<\/div>\n\t\t\t\t\t<\/div>\n\t\t<\/div>\n\t\t\t\t\t<\/div>\n\t\t<\/section>\n\t\t\t\t<div class=\"elementor-element elementor-element-e7555d8 elementor-widget elementor-widget-heading\" data-id=\"e7555d8\" data-element_type=\"widget\" data-widget_type=\"heading.default\">\n\t\t\t\t<div class=\"elementor-widget-container\">\n\t\t\t\t\t<h2 class=\"elementor-heading-title elementor-size-default\">Sortie spectacle pour nos jeunes adh\u00e9rents<\/h2>\t\t\t\t<\/div>\n\t\t\t\t<\/div>\n\t\t\t\t<section class=\"elementor-section elementor-inner-section elementor-element elementor-element-93bc311 elementor-section-boxed elementor-section-height-default elementor-section-height-default\" data-id=\"93bc311\" data-element_type=\"section\">\n\t\t\t\t\t\t<div class=\"elementor-container elementor-column-gap-default\">\n\t\t\t\t\t<div class=\"elementor-column elementor-col-50 elementor-inner-column elementor-element elementor-element-af400dd\" data-id=\"af400dd\" data-element_type=\"column\">\n\t\t\t<div class=\"elementor-widget-wrap elementor-element-populated\">\n\t\t\t\t\t\t<div class=\"elementor-element elementor-element-2d5e0a4 elementor-arrows-position-inside elementor-pagination-position-outside elementor-widget elementor-widget-image-carousel\" data-id=\"2d5e0a4\" data-element_type=\"widget\" data-settings=\"{&quot;navigation&quot;:&quot;both&quot;,&quot;autoplay&quot;:&quot;yes&quot;,&quot;pause_on_hover&quot;:&quot;yes&quot;,&quot;pause_on_interaction&quot;:&quot;yes&quot;,&quot;autoplay_speed&quot;:5000,&quot;infinite&quot;:&quot;yes&quot;,&quot;speed&quot;:500}\" data-widget_type=\"image-carousel.default\">\n\t\t\t\t<div class=\"elementor-widget-container\">\n\t\t\t\t\t\t\t<div class=\"elementor-image-carousel-wrapper swiper\" role=\"region\" aria-roledescription=\"carousel\" aria-label=\"Carrousel d\u2019images\" dir=\"ltr\">\n\t\t\t<div class=\"elementor-image-carousel swiper-wrapper\" aria-live=\"off\">\n\t\t\t\t\t\t\t\t<div class=\"swiper-slide\" role=\"group\" aria-roledescription=\"slide\" aria-label=\"1 sur 3\"><figure class=\"swiper-slide-inner\"><img decoding=\"async\" class=\"swiper-slide-image\" src=\"http:\/\/centre-danse.fr\/wp-content\/uploads\/2025\/11\/IMG-20251031-WA0006-150x150.jpg\" alt=\"IMG-20251031-WA0006\" \/><\/figure><\/div><div class=\"swiper-slide\" role=\"group\" aria-roledescription=\"slide\" aria-label=\"2 sur 3\"><figure class=\"swiper-slide-inner\"><img decoding=\"async\" class=\"swiper-slide-image\" src=\"http:\/\/centre-danse.fr\/wp-content\/uploads\/2025\/11\/IMG-20251031-WA0003-150x150.jpg\" alt=\"IMG-20251031-WA0003\" \/><\/figure><\/div><div class=\"swiper-slide\" role=\"group\" aria-roledescription=\"slide\" aria-label=\"3 sur 3\"><figure class=\"swiper-slide-inner\"><img decoding=\"async\" class=\"swiper-slide-image\" src=\"http:\/\/centre-danse.fr\/wp-content\/uploads\/2025\/11\/IMG-20251031-WA0001-150x150.jpg\" alt=\"IMG-20251031-WA0001\" \/><\/figure><\/div>\t\t\t<\/div>\n\t\t\t\t\t\t\t\t\t\t\t\t<div class=\"elementor-swiper-button elementor-swiper-button-prev\" role=\"button\" tabindex=\"0\">\n\t\t\t\t\t\t<i aria-hidden=\"true\" class=\"eicon-chevron-left\"><\/i>\t\t\t\t\t<\/div>\n\t\t\t\t\t<div class=\"elementor-swiper-button elementor-swiper-button-next\" role=\"button\" tabindex=\"0\">\n\t\t\t\t\t\t<i aria-hidden=\"true\" class=\"eicon-chevron-right\"><\/i>\t\t\t\t\t<\/div>\n\t\t\t\t\n\t\t\t\t\t\t\t\t\t<div class=\"swiper-pagination\"><\/div>\n\t\t\t\t\t\t\t\t\t<\/div>\n\t\t\t\t\t\t<\/div>\n\t\t\t\t<\/div>\n\t\t\t\t\t<\/div>\n\t\t<\/div>\n\t\t\t\t<div class=\"elementor-column elementor-col-50 elementor-inner-column elementor-element elementor-element-e62d8eb\" data-id=\"e62d8eb\" data-element_type=\"column\">\n\t\t\t<div class=\"elementor-widget-wrap elementor-element-populated\">\n\t\t\t\t\t\t<div class=\"elementor-element elementor-element-130f661 elementor-widget elementor-widget-text-editor\" data-id=\"130f661\" data-element_type=\"widget\" data-widget_type=\"text-editor.default\">\n\t\t\t\t<div class=\"elementor-widget-container\">\n\t\t\t\t\t\t\t\t\t<p>Le 30 octobre 2025, l&rsquo;association a eu le plaisir d&rsquo;offrir \u00e0 ses jeunes \u00e9l\u00e8ves une sortie spectacle suivie d&rsquo;un go\u00fbter \u00e0 la MPT de Brives-Charensac.<\/p><p>Les \u00e9l\u00e8ves ont pu d\u00e9couvrir le spectacle \u00ab\u00a0Prends garde \u00e0 ton derri\u00e8re\u00a0\u00bb par la Compagnie LA NEF AIL\u00c9E.<\/p><p><em>Une autre sortie pour les plus grands est pr\u00e9vue en janvier. V\u00e9rifiez vos mails !<\/em><\/p><p>\u00a0<\/p>\t\t\t\t\t\t\t\t<\/div>\n\t\t\t\t<\/div>\n\t\t\t\t\t<\/div>\n\t\t<\/div>\n\t\t\t\t\t<\/div>\n\t\t<\/section>\n\t\t\t\t<div class=\"elementor-element elementor-element-a3f910c elementor-widget elementor-widget-heading\" data-id=\"a3f910c\" data-element_type=\"widget\" data-widget_type=\"heading.default\">\n\t\t\t\t<div class=\"elementor-widget-container\">\n\t\t\t\t\t<h2 class=\"elementor-heading-title elementor-size-default\">Spectacle \"Le Tourbillon de la Vie\"<\/h2>\t\t\t\t<\/div>\n\t\t\t\t<\/div>\n\t\t\t\t<div class=\"elementor-element elementor-element-750ff7a elementor-widget elementor-widget-heading\" data-id=\"750ff7a\" data-element_type=\"widget\" data-widget_type=\"heading.default\">\n\t\t\t\t<div class=\"elementor-widget-container\">\n\t\t\t\t\t<h2 class=\"elementor-heading-title elementor-size-default\">6 &amp; 7 juin 2025<\/h2>\t\t\t\t<\/div>\n\t\t\t\t<\/div>\n\t\t\t\t<section class=\"elementor-section elementor-inner-section elementor-element elementor-element-6b057fc elementor-section-boxed elementor-section-height-default elementor-section-height-default\" data-id=\"6b057fc\" data-element_type=\"section\">\n\t\t\t\t\t\t<div class=\"elementor-container elementor-column-gap-default\">\n\t\t\t\t\t<div class=\"elementor-column elementor-col-50 elementor-inner-column elementor-element elementor-element-1078be5\" data-id=\"1078be5\" data-element_type=\"column\">\n\t\t\t<div class=\"elementor-widget-wrap elementor-element-populated\">\n\t\t\t\t\t\t<div class=\"elementor-element elementor-element-73a98d2 elementor-widget elementor-widget-image\" data-id=\"73a98d2\" data-element_type=\"widget\" data-widget_type=\"image.default\">\n\t\t\t\t<div class=\"elementor-widget-container\">\n\t\t\t\t\t\t\t\t\t\t\t\t\t\t\t<img decoding=\"async\" src=\"http:\/\/centre-danse.fr\/wp-content\/uploads\/elementor\/thumbs\/18575c6d-e800-491b-a94d-350316d1fe5e-r5p3f3oezlimdjtq1sklh5e0aggws5323hhpjxi506.jpg\" title=\"18575c6d-e800-491b-a94d-350316d1fe5e\" alt=\"18575c6d-e800-491b-a94d-350316d1fe5e\" loading=\"lazy\" \/>\t\t\t\t\t\t\t\t\t\t\t\t\t\t\t<\/div>\n\t\t\t\t<\/div>\n\t\t\t\t\t<\/div>\n\t\t<\/div>\n\t\t\t\t<div class=\"elementor-column elementor-col-50 elementor-inner-column elementor-element elementor-element-70c8f04\" data-id=\"70c8f04\" data-element_type=\"column\">\n\t\t\t<div class=\"elementor-widget-wrap elementor-element-populated\">\n\t\t\t\t\t\t<div class=\"elementor-element elementor-element-761bb0e elementor-widget elementor-widget-text-editor\" data-id=\"761bb0e\" data-element_type=\"widget\" data-widget_type=\"text-editor.default\">\n\t\t\t\t<div class=\"elementor-widget-container\">\n\t\t\t\t\t\t\t\t\t<p>Centre Danse vous propose son nouveau spectacle <strong>\u00ab\u00a0Le Tourbillon de la Vie\u00a0\u00bb cr\u00e9\u00e9 par Elsa VOLLE BERAGUAS<\/strong><\/p><p><em><strong>Chor\u00e9graphies<\/strong><\/em> : Elsa VOLLE BERAGUAS &amp; Jamie-Lee MARTIN-PRADES<\/p><p><em><strong>Danseurs<\/strong>\u00a0<\/em>:\u00a0<em>les \u00e9l\u00e8ves de l&rsquo;association<\/em><\/p><p><em><strong>Billetterie<\/strong><\/em> : A partir du mercredi 14 mai &#8211; 12h30<\/p><ul><li>Sur le site \u00ab\u00a0<a href=\"https:\/\/spectacles-envelay.com\/programmation\/le-tourbillon-de-la-vie\/\">Spectacles en velay<\/a>\u00a0\u00bb ou au p\u00f4le billetterie du Th\u00e9\u00e2tre du Puy<\/li><li>Les soirs de spectacle sur place<\/li><li>Tarifs :<ul><li>adultes : 16\u20ac<\/li><li>enfants (- 12 ans) : 13\u20ac<\/li><\/ul><\/li><\/ul>\t\t\t\t\t\t\t\t<\/div>\n\t\t\t\t<\/div>\n\t\t\t\t\t<\/div>\n\t\t<\/div>\n\t\t\t\t\t<\/div>\n\t\t<\/section>\n\t\t\t\t<div class=\"elementor-element elementor-element-3954b31 elementor-widget elementor-widget-heading\" data-id=\"3954b31\" data-element_type=\"widget\" data-widget_type=\"heading.default\">\n\t\t\t\t<div class=\"elementor-widget-container\">\n\t\t\t\t\t<h2 class=\"elementor-heading-title elementor-size-default\">Stage de danse 2025<\/h2>\t\t\t\t<\/div>\n\t\t\t\t<\/div>\n\t\t\t\t<section class=\"elementor-section elementor-inner-section elementor-element elementor-element-2beb91a elementor-section-boxed elementor-section-height-default elementor-section-height-default\" data-id=\"2beb91a\" data-element_type=\"section\">\n\t\t\t\t\t\t<div class=\"elementor-container elementor-column-gap-default\">\n\t\t\t\t\t<div class=\"elementor-column elementor-col-50 elementor-inner-column elementor-element elementor-element-c23f581\" data-id=\"c23f581\" data-element_type=\"column\">\n\t\t\t<div class=\"elementor-widget-wrap elementor-element-populated\">\n\t\t\t\t\t\t<div class=\"elementor-element elementor-element-1cfb156 elementor-widget elementor-widget-image\" data-id=\"1cfb156\" data-element_type=\"widget\" data-widget_type=\"image.default\">\n\t\t\t\t<div class=\"elementor-widget-container\">\n\t\t\t\t\t\t\t\t\t\t\t\t\t\t\t<img decoding=\"async\" src=\"http:\/\/centre-danse.fr\/wp-content\/uploads\/elementor\/thumbs\/FB_IMG_1741693083745-r2p92ps9tslxvte6wda4kpeiw3c63j5sm04hcxjvfa.jpg\" title=\"FB_IMG_1741693083745\" alt=\"FB_IMG_1741693083745\" loading=\"lazy\" \/>\t\t\t\t\t\t\t\t\t\t\t\t\t\t\t<\/div>\n\t\t\t\t<\/div>\n\t\t\t\t\t<\/div>\n\t\t<\/div>\n\t\t\t\t<div class=\"elementor-column elementor-col-50 elementor-inner-column elementor-element elementor-element-f6e8a53\" data-id=\"f6e8a53\" data-element_type=\"column\">\n\t\t\t<div class=\"elementor-widget-wrap elementor-element-populated\">\n\t\t\t\t\t\t<div class=\"elementor-element elementor-element-e95fdf4 elementor-widget elementor-widget-text-editor\" data-id=\"e95fdf4\" data-element_type=\"widget\" data-widget_type=\"text-editor.default\">\n\t\t\t\t<div class=\"elementor-widget-container\">\n\t\t\t\t\t\t\t\t\t<p><strong>Samedi 5 avril 2025<\/strong><\/p><p><strong>Lyrical Jazz &amp; Hip-Hop<\/strong><\/p><p>2 disciplines pour ce second stage de la saison, l&rsquo;apr\u00e8s-midi d\u00e9butera par des cours de Hip-Hop avec Randy de New Dynastie pour se terminer avec un cours de Lyrical Jazz avec Jamie-Lee Martin.<\/p><p><em>Horaires et modalit\u00e9s sur l&rsquo;affiche<\/em><\/p><p>Ce stage est ouvert \u00e0 tous (adh\u00e9rents et non-adh\u00e9rents) \u00e0 partir de 7 ans.<\/p><p><em>R\u00e9servation en cours ou par mail : associationcentredanse@hotmail.fr<\/em><\/p>\t\t\t\t\t\t\t\t<\/div>\n\t\t\t\t<\/div>\n\t\t\t\t\t<\/div>\n\t\t<\/div>\n\t\t\t\t\t<\/div>\n\t\t<\/section>\n\t\t\t\t<div class=\"elementor-element elementor-element-8392863 elementor-widget elementor-widget-heading\" data-id=\"8392863\" data-element_type=\"widget\" data-widget_type=\"heading.default\">\n\t\t\t\t<div class=\"elementor-widget-container\">\n\t\t\t\t\t<h2 class=\"elementor-heading-title elementor-size-default\">Spectacle de No\u00ebl 2024<\/h2>\t\t\t\t<\/div>\n\t\t\t\t<\/div>\n\t\t\t\t<section class=\"elementor-section elementor-inner-section elementor-element elementor-element-821cb49 elementor-section-boxed elementor-section-height-default elementor-section-height-default\" data-id=\"821cb49\" data-element_type=\"section\">\n\t\t\t\t\t\t<div class=\"elementor-container elementor-column-gap-default\">\n\t\t\t\t\t<div class=\"elementor-column elementor-col-50 elementor-inner-column elementor-element elementor-element-23ce23b\" data-id=\"23ce23b\" data-element_type=\"column\">\n\t\t\t<div class=\"elementor-widget-wrap elementor-element-populated\">\n\t\t\t\t\t\t<div class=\"elementor-element elementor-element-136a796 elementor-widget elementor-widget-image\" data-id=\"136a796\" data-element_type=\"widget\" data-widget_type=\"image.default\">\n\t\t\t\t<div class=\"elementor-widget-container\">\n\t\t\t\t\t\t\t\t\t\t\t\t\t\t\t<img decoding=\"async\" src=\"http:\/\/centre-danse.fr\/wp-content\/uploads\/elementor\/thumbs\/affiche-telethonlclc-FB-1-scaled-qy99o844v9ugsw4c25yk2unoq8d9ghq2vr6ar0edau.jpg\" title=\"affiche-telethon+lclc-FB\" alt=\"affiche-telethon+lclc-FB\" loading=\"lazy\" \/>\t\t\t\t\t\t\t\t\t\t\t\t\t\t\t<\/div>\n\t\t\t\t<\/div>\n\t\t\t\t\t<\/div>\n\t\t<\/div>\n\t\t\t\t<div class=\"elementor-column elementor-col-50 elementor-inner-column elementor-element elementor-element-4242f12\" data-id=\"4242f12\" data-element_type=\"column\">\n\t\t\t<div class=\"elementor-widget-wrap elementor-element-populated\">\n\t\t\t\t\t\t<div class=\"elementor-element elementor-element-6577071 elementor-widget elementor-widget-text-editor\" data-id=\"6577071\" data-element_type=\"widget\" data-widget_type=\"text-editor.default\">\n\t\t\t\t<div class=\"elementor-widget-container\">\n\t\t\t\t\t\t\t\t\t<p>Spectacle caritatif donn\u00e9 au profit\u00a0 de La Ligue contre le cancer et de l&rsquo;AFM T\u00e9l\u00e9thon.<\/p><p>Les \u00e9l\u00e8ves de l&rsquo;association, petits et grands, se produiront \u00e0 19h30 sur le parquet du Palais des sports le <strong>samedi 21 d\u00e9cembre 2024 <\/strong>\u00a0pour 1h de repr\u00e9sentation.<\/p><p>Nous vous proposons tout au long de la journ\u00e9e et de la soir\u00e9e une buvette avec vente de boissons et de p\u00e2tisseries.<\/p><p><strong>Billetterie<\/strong>\u00a0:<\/p><ul><li>11 d\u00e9cembre &#8211; 15h30 \u00e0 17h30 &#8211; Centre Pierre Cardinal<\/li><li>14 d\u00e9cembre &#8211; 11h \u00e0 13h &#8211; Centre Pierre Cardinal<\/li><li>Sur place d\u00e8s 11h<\/li><\/ul><p>Entr\u00e9e 5\u20ac (<em>gratuit pour les moins de 3 ans)\u00a0<\/em><\/p>\t\t\t\t\t\t\t\t<\/div>\n\t\t\t\t<\/div>\n\t\t\t\t\t<\/div>\n\t\t<\/div>\n\t\t\t\t\t<\/div>\n\t\t<\/section>\n\t\t\t\t<div class=\"elementor-element elementor-element-59b2cb1 elementor-widget elementor-widget-heading\" data-id=\"59b2cb1\" data-element_type=\"widget\" data-widget_type=\"heading.default\">\n\t\t\t\t<div class=\"elementor-widget-container\">\n\t\t\t\t\t<h2 class=\"elementor-heading-title elementor-size-default\">Stage de danse 2024<\/h2>\t\t\t\t<\/div>\n\t\t\t\t<\/div>\n\t\t\t\t<section class=\"elementor-section elementor-inner-section elementor-element elementor-element-d908d2b elementor-section-boxed elementor-section-height-default elementor-section-height-default\" data-id=\"d908d2b\" data-element_type=\"section\">\n\t\t\t\t\t\t<div class=\"elementor-container elementor-column-gap-default\">\n\t\t\t\t\t<div class=\"elementor-column elementor-col-50 elementor-inner-column elementor-element elementor-element-b8dadc4\" data-id=\"b8dadc4\" data-element_type=\"column\">\n\t\t\t<div class=\"elementor-widget-wrap elementor-element-populated\">\n\t\t\t\t\t\t<div class=\"elementor-element elementor-element-e000f56 elementor-widget elementor-widget-image\" data-id=\"e000f56\" data-element_type=\"widget\" data-widget_type=\"image.default\">\n\t\t\t\t<div class=\"elementor-widget-container\">\n\t\t\t\t\t\t\t\t\t\t\t\t\t\t\t<img decoding=\"async\" src=\"http:\/\/centre-danse.fr\/wp-content\/uploads\/elementor\/thumbs\/FB_IMG_1731582848054-qx1kqsffavw65xq3u0c7qkzo3pxlxfo3xvbbd5hw9m.jpg\" title=\"FB_IMG_1731582848054\" alt=\"FB_IMG_1731582848054\" loading=\"lazy\" \/>\t\t\t\t\t\t\t\t\t\t\t\t\t\t\t<\/div>\n\t\t\t\t<\/div>\n\t\t\t\t\t<\/div>\n\t\t<\/div>\n\t\t\t\t<div class=\"elementor-column elementor-col-50 elementor-inner-column elementor-element elementor-element-4dfe090\" data-id=\"4dfe090\" data-element_type=\"column\">\n\t\t\t<div class=\"elementor-widget-wrap elementor-element-populated\">\n\t\t\t\t\t\t<div class=\"elementor-element elementor-element-79c5b53 elementor-widget elementor-widget-text-editor\" data-id=\"79c5b53\" data-element_type=\"widget\" data-widget_type=\"text-editor.default\">\n\t\t\t\t<div class=\"elementor-widget-container\">\n\t\t\t\t\t\t\t\t\t<p><strong>Samedi 16 novembre 2024<\/strong><\/p><p><strong>Modern&rsquo;Jazz &amp; Progressing Ballet Technique<\/strong><\/p><p>1er stage de la saison avec <strong>Claire Bertero<\/strong>.<\/p><p>Ce stage est ouvert \u00e0 tous (adh\u00e9rents et non-adh\u00e9rents) \u00e0 partir de 7 ans.<\/p><p><em>R\u00e9servation en cours ou par mail : associationcentredanse@hotmail.fr<\/em><\/p>\t\t\t\t\t\t\t\t<\/div>\n\t\t\t\t<\/div>\n\t\t\t\t\t<\/div>\n\t\t<\/div>\n\t\t\t\t\t<\/div>\n\t\t<\/section>\n\t\t\t\t<div class=\"elementor-element elementor-element-0302bee elementor-widget elementor-widget-heading\" data-id=\"0302bee\" data-element_type=\"widget\" data-widget_type=\"heading.default\">\n\t\t\t\t<div class=\"elementor-widget-container\">\n\t\t\t\t\t<h2 class=\"elementor-heading-title elementor-size-default\">Saison 2024-2025<\/h2>\t\t\t\t<\/div>\n\t\t\t\t<\/div>\n\t\t\t\t<section class=\"elementor-section elementor-inner-section elementor-element elementor-element-06d1ae1 elementor-section-boxed elementor-section-height-default elementor-section-height-default\" data-id=\"06d1ae1\" data-element_type=\"section\">\n\t\t\t\t\t\t<div class=\"elementor-container elementor-column-gap-default\">\n\t\t\t\t\t<div class=\"elementor-column elementor-col-50 elementor-inner-column elementor-element elementor-element-75e75cf\" data-id=\"75e75cf\" data-element_type=\"column\">\n\t\t\t<div class=\"elementor-widget-wrap elementor-element-populated\">\n\t\t\t\t\t\t<div class=\"elementor-element elementor-element-76a668d elementor-widget elementor-widget-image\" data-id=\"76a668d\" data-element_type=\"widget\" data-widget_type=\"image.default\">\n\t\t\t\t<div class=\"elementor-widget-container\">\n\t\t\t\t\t\t\t\t\t\t\t\t\t\t\t<img decoding=\"async\" width=\"300\" height=\"140\" src=\"http:\/\/centre-danse.fr\/wp-content\/uploads\/2018\/06\/cropped-logo-fond-blanc-et-couleurs-300x140.jpg\" class=\"attachment-medium size-medium wp-image-1820\" alt=\"\" srcset=\"http:\/\/centre-danse.fr\/wp-content\/uploads\/2018\/06\/cropped-logo-fond-blanc-et-couleurs-300x140.jpg 300w, http:\/\/centre-danse.fr\/wp-content\/uploads\/2018\/06\/cropped-logo-fond-blanc-et-couleurs-768x358.jpg 768w, http:\/\/centre-danse.fr\/wp-content\/uploads\/2018\/06\/cropped-logo-fond-blanc-et-couleurs-1024x478.jpg 1024w, http:\/\/centre-danse.fr\/wp-content\/uploads\/2018\/06\/cropped-logo-fond-blanc-et-couleurs-1920x895.jpg 1920w\" sizes=\"(max-width: 300px) 100vw, 300px\" \/>\t\t\t\t\t\t\t\t\t\t\t\t\t\t\t<\/div>\n\t\t\t\t<\/div>\n\t\t\t\t\t<\/div>\n\t\t<\/div>\n\t\t\t\t<div class=\"elementor-column elementor-col-50 elementor-inner-column elementor-element elementor-element-da82194\" data-id=\"da82194\" data-element_type=\"column\">\n\t\t\t<div class=\"elementor-widget-wrap elementor-element-populated\">\n\t\t\t\t\t\t<div class=\"elementor-element elementor-element-5231bc0 elementor-widget elementor-widget-text-editor\" data-id=\"5231bc0\" data-element_type=\"widget\" data-widget_type=\"text-editor.default\">\n\t\t\t\t<div class=\"elementor-widget-container\">\n\t\t\t\t\t\t\t\t\t<p>La rentr\u00e9e approche pour les \u00e9l\u00e8ves de Centre Danse !<\/p><p>Rendez-vous <strong>la semaine du 30 septembre<\/strong> sur le parquet de la salle d&rsquo;expression du Centre Pierre Cardinal pour le d\u00e9but des cours.<\/p><p>Retrouvez les horaires de votre cours sur lien suivant : <a href=\"http:\/\/centre-danse.fr\/wp-content\/uploads\/2024\/06\/PLANNING-DES-COURS-2024-2025.pdf\">PLANNING DES COURS 2024-2025<\/a><\/p><p><span style=\"text-decoration: underline;\"><strong>A noter<\/strong><\/span> : les cours sont maintenus la semaine du 19 au 26 octobre (1\u00e8re semaine des vacances scolaires)<\/p><p>\u00a0<\/p>\t\t\t\t\t\t\t\t<\/div>\n\t\t\t\t<\/div>\n\t\t\t\t\t<\/div>\n\t\t<\/div>\n\t\t\t\t\t<\/div>\n\t\t<\/section>\n\t\t\t\t<div class=\"elementor-element elementor-element-99203ad elementor-widget elementor-widget-heading\" data-id=\"99203ad\" data-element_type=\"widget\" data-widget_type=\"heading.default\">\n\t\t\t\t<div class=\"elementor-widget-container\">\n\t\t\t\t\t<h2 class=\"elementor-heading-title elementor-size-default\">Spectacle \"Musique !\"<\/h2>\t\t\t\t<\/div>\n\t\t\t\t<\/div>\n\t\t\t\t<div class=\"elementor-element elementor-element-a086002 elementor-widget elementor-widget-heading\" data-id=\"a086002\" data-element_type=\"widget\" data-widget_type=\"heading.default\">\n\t\t\t\t<div class=\"elementor-widget-container\">\n\t\t\t\t\t<h2 class=\"elementor-heading-title elementor-size-default\">7 &amp; 8 juin 2024<\/h2>\t\t\t\t<\/div>\n\t\t\t\t<\/div>\n\t\t\t\t<section class=\"elementor-section elementor-inner-section elementor-element elementor-element-d507520 elementor-section-boxed elementor-section-height-default elementor-section-height-default\" data-id=\"d507520\" data-element_type=\"section\">\n\t\t\t\t\t\t<div class=\"elementor-container elementor-column-gap-default\">\n\t\t\t\t\t<div class=\"elementor-column elementor-col-50 elementor-inner-column elementor-element elementor-element-f7c7d0e\" data-id=\"f7c7d0e\" data-element_type=\"column\">\n\t\t\t<div class=\"elementor-widget-wrap elementor-element-populated\">\n\t\t\t\t\t\t<div class=\"elementor-element elementor-element-40e9340 elementor-widget elementor-widget-image\" data-id=\"40e9340\" data-element_type=\"widget\" data-widget_type=\"image.default\">\n\t\t\t\t<div class=\"elementor-widget-container\">\n\t\t\t\t\t\t\t\t\t\t\t\t\t\t\t<img decoding=\"async\" src=\"http:\/\/centre-danse.fr\/wp-content\/uploads\/elementor\/thumbs\/CD-Musique-2024-web-scaled-qoaa2446uninvfv4xqu1jlh5fsy2v0179ia4wxdjva.jpg\" title=\"CD-Musique-2024-web\" alt=\"CD-Musique-2024-web\" loading=\"lazy\" \/>\t\t\t\t\t\t\t\t\t\t\t\t\t\t\t<\/div>\n\t\t\t\t<\/div>\n\t\t\t\t\t<\/div>\n\t\t<\/div>\n\t\t\t\t<div class=\"elementor-column elementor-col-50 elementor-inner-column elementor-element elementor-element-d981271\" data-id=\"d981271\" data-element_type=\"column\">\n\t\t\t<div class=\"elementor-widget-wrap elementor-element-populated\">\n\t\t\t\t\t\t<div class=\"elementor-element elementor-element-8fb37b2 elementor-widget elementor-widget-text-editor\" data-id=\"8fb37b2\" data-element_type=\"widget\" data-widget_type=\"text-editor.default\">\n\t\t\t\t<div class=\"elementor-widget-container\">\n\t\t\t\t\t\t\t\t\t<p>Centre Danse vous propose son nouveau spectacle <strong>\u00ab\u00a0Musique !\u00a0\u00bb cr\u00e9\u00e9 et chor\u00e9graphi\u00e9 par Elsa BERAGUAS<\/strong><\/p><p><em><strong>Danseurs<\/strong>\u00a0<\/em>:\u00a0<em>les \u00e9l\u00e8ves de l&rsquo;association<\/em><\/p><p><em><strong>Billetterie<\/strong><\/em>\u00a0:<\/p><ul><li>Dimanche 19 mai &#8211; maison des associations (grande salle &#8211; rez-de-chauss\u00e9e) de 14h \u00e0 16h<\/li><li>Mercredi 5 juin &#8211; Hall du Palais des spectacles de 16h \u00e0 18h<\/li><li>Les soirs de spectacle sur place d\u00e8s 19h<\/li><li>Tarifs :<ul><li>adultes : 15\u20ac<\/li><li>enfants (- 12 ans) : 12\u20ac<\/li><\/ul><\/li><\/ul>\t\t\t\t\t\t\t\t<\/div>\n\t\t\t\t<\/div>\n\t\t\t\t\t<\/div>\n\t\t<\/div>\n\t\t\t\t\t<\/div>\n\t\t<\/section>\n\t\t\t\t<div class=\"elementor-element elementor-element-dff2d26 elementor-widget elementor-widget-heading\" data-id=\"dff2d26\" data-element_type=\"widget\" data-widget_type=\"heading.default\">\n\t\t\t\t<div class=\"elementor-widget-container\">\n\t\t\t\t\t<h2 class=\"elementor-heading-title elementor-size-default\">Stage de Danse 2024<\/h2>\t\t\t\t<\/div>\n\t\t\t\t<\/div>\n\t\t\t\t<div class=\"elementor-element elementor-element-c993da0 elementor-widget elementor-widget-text-editor\" data-id=\"c993da0\" data-element_type=\"widget\" data-widget_type=\"text-editor.default\">\n\t\t\t\t<div class=\"elementor-widget-container\">\n\t\t\t\t\t\t\t\t\t<p><strong>18 mai 2024 : Apr\u00e8s-midi danse !<\/strong><\/p><p>Gymnase Marcel Pagnol &#8211; Le Puy-en-Velay<\/p><p>Ouvert \u00e0 tous !\u00a0<span style=\"color: var( --e-global-color-text ); font-family: var( --e-global-typography-text-font-family ), Sans-serif; font-weight: var( --e-global-typography-text-font-weight );\">(<\/span><i style=\"color: var( --e-global-color-text ); font-family: var( --e-global-typography-text-font-family ), Sans-serif; font-weight: var( --e-global-typography-text-font-weight );\">d\u00e8s 7 ans<\/i><span style=\"color: var( --e-global-color-text ); font-family: var( --e-global-typography-text-font-family ), Sans-serif; font-weight: var( --e-global-typography-text-font-weight );\">)<\/span><\/p><p>2 professeurs de renom vont se succ\u00e9der pour nous faire d\u00e9couvrir leur univers : Randy (Hip-Hop) et Natacha Crouzet (Modern&rsquo;Jazz)<\/p><p style=\"text-align: center;\"><em>Renseignements et inscriptions : associationcentredanse@hot<wbr \/>mail.fr<\/em><\/p>\t\t\t\t\t\t\t\t<\/div>\n\t\t\t\t<\/div>\n\t\t\t\t<section class=\"elementor-section elementor-inner-section elementor-element elementor-element-107a63d elementor-section-boxed elementor-section-height-default elementor-section-height-default\" data-id=\"107a63d\" data-element_type=\"section\">\n\t\t\t\t\t\t<div class=\"elementor-container elementor-column-gap-default\">\n\t\t\t\t\t<div class=\"elementor-column elementor-col-50 elementor-inner-column elementor-element elementor-element-88eddb2\" data-id=\"88eddb2\" data-element_type=\"column\">\n\t\t\t<div class=\"elementor-widget-wrap elementor-element-populated\">\n\t\t\t\t\t\t<div class=\"elementor-element elementor-element-c8ab53e elementor-widget elementor-widget-text-editor\" data-id=\"c8ab53e\" data-element_type=\"widget\" data-widget_type=\"text-editor.default\">\n\t\t\t\t<div class=\"elementor-widget-container\">\n\t\t\t\t\t\t\t\t\t<p><strong>Hip-Hop avec Randy de New-Dynastie\u00a0<\/strong><\/p><p>15h -16h30<\/p><p>D\u00e8s 7 ans<\/p>\t\t\t\t\t\t\t\t<\/div>\n\t\t\t\t<\/div>\n\t\t\t\t<div class=\"elementor-element elementor-element-3767684 elementor-widget elementor-widget-image\" data-id=\"3767684\" data-element_type=\"widget\" data-widget_type=\"image.default\">\n\t\t\t\t<div class=\"elementor-widget-container\">\n\t\t\t\t\t\t\t\t\t\t\t\t\t\t\t<img fetchpriority=\"high\" decoding=\"async\" width=\"212\" height=\"300\" src=\"http:\/\/centre-danse.fr\/wp-content\/uploads\/2024\/03\/Stage-HIPHOP-Randy-MAI2024-212x300.jpg\" class=\"attachment-medium size-medium wp-image-5012\" alt=\"\" srcset=\"http:\/\/centre-danse.fr\/wp-content\/uploads\/2024\/03\/Stage-HIPHOP-Randy-MAI2024-212x300.jpg 212w, http:\/\/centre-danse.fr\/wp-content\/uploads\/2024\/03\/Stage-HIPHOP-Randy-MAI2024-724x1024.jpg 724w, http:\/\/centre-danse.fr\/wp-content\/uploads\/2024\/03\/Stage-HIPHOP-Randy-MAI2024-768x1086.jpg 768w, http:\/\/centre-danse.fr\/wp-content\/uploads\/2024\/03\/Stage-HIPHOP-Randy-MAI2024-1086x1536.jpg 1086w, http:\/\/centre-danse.fr\/wp-content\/uploads\/2024\/03\/Stage-HIPHOP-Randy-MAI2024-1449x2048.jpg 1449w, http:\/\/centre-danse.fr\/wp-content\/uploads\/2024\/03\/Stage-HIPHOP-Randy-MAI2024-1024x1448.jpg 1024w, http:\/\/centre-danse.fr\/wp-content\/uploads\/2024\/03\/Stage-HIPHOP-Randy-MAI2024-764x1080.jpg 764w, http:\/\/centre-danse.fr\/wp-content\/uploads\/2024\/03\/Stage-HIPHOP-Randy-MAI2024-scaled.jpg 1811w\" sizes=\"(max-width: 212px) 100vw, 212px\" \/>\t\t\t\t\t\t\t\t\t\t\t\t\t\t\t<\/div>\n\t\t\t\t<\/div>\n\t\t\t\t\t<\/div>\n\t\t<\/div>\n\t\t\t\t<div class=\"elementor-column elementor-col-50 elementor-inner-column elementor-element elementor-element-8e9d6f9\" data-id=\"8e9d6f9\" data-element_type=\"column\">\n\t\t\t<div class=\"elementor-widget-wrap elementor-element-populated\">\n\t\t\t\t\t\t<div class=\"elementor-element elementor-element-32076b3 elementor-widget elementor-widget-text-editor\" data-id=\"32076b3\" data-element_type=\"widget\" data-widget_type=\"text-editor.default\">\n\t\t\t\t<div class=\"elementor-widget-container\">\n\t\t\t\t\t\t\t\t\t<p><strong>Modern&rsquo;Jazz avec Natacha Crouzet<\/strong><\/p><p>\u00e0 partir de 17h<\/p><p>Inter d\u00e8s 12 ans &#8211; Inter\/avanc\u00e9 d\u00e8s 16 ans<\/p>\t\t\t\t\t\t\t\t<\/div>\n\t\t\t\t<\/div>\n\t\t\t\t<div class=\"elementor-element elementor-element-30d6d53 elementor-widget elementor-widget-image\" data-id=\"30d6d53\" data-element_type=\"widget\" data-widget_type=\"image.default\">\n\t\t\t\t<div class=\"elementor-widget-container\">\n\t\t\t\t\t\t\t\t\t\t\t\t\t\t\t<img decoding=\"async\" width=\"212\" height=\"300\" src=\"http:\/\/centre-danse.fr\/wp-content\/uploads\/2024\/03\/Affiche-Stage-NatachaCrouzet-2024-web-212x300.jpg\" class=\"attachment-medium size-medium wp-image-5010\" alt=\"\" srcset=\"http:\/\/centre-danse.fr\/wp-content\/uploads\/2024\/03\/Affiche-Stage-NatachaCrouzet-2024-web-212x300.jpg 212w, http:\/\/centre-danse.fr\/wp-content\/uploads\/2024\/03\/Affiche-Stage-NatachaCrouzet-2024-web-724x1024.jpg 724w, http:\/\/centre-danse.fr\/wp-content\/uploads\/2024\/03\/Affiche-Stage-NatachaCrouzet-2024-web-768x1086.jpg 768w, http:\/\/centre-danse.fr\/wp-content\/uploads\/2024\/03\/Affiche-Stage-NatachaCrouzet-2024-web-1086x1536.jpg 1086w, http:\/\/centre-danse.fr\/wp-content\/uploads\/2024\/03\/Affiche-Stage-NatachaCrouzet-2024-web-1448x2048.jpg 1448w, http:\/\/centre-danse.fr\/wp-content\/uploads\/2024\/03\/Affiche-Stage-NatachaCrouzet-2024-web-1024x1448.jpg 1024w, http:\/\/centre-danse.fr\/wp-content\/uploads\/2024\/03\/Affiche-Stage-NatachaCrouzet-2024-web-764x1080.jpg 764w, http:\/\/centre-danse.fr\/wp-content\/uploads\/2024\/03\/Affiche-Stage-NatachaCrouzet-2024-web.jpg 1684w\" sizes=\"(max-width: 212px) 100vw, 212px\" \/>\t\t\t\t\t\t\t\t\t\t\t\t\t\t\t<\/div>\n\t\t\t\t<\/div>\n\t\t\t\t\t<\/div>\n\t\t<\/div>\n\t\t\t\t\t<\/div>\n\t\t<\/section>\n\t\t\t\t<div class=\"elementor-element elementor-element-6546737 elementor-widget elementor-widget-heading\" data-id=\"6546737\" data-element_type=\"widget\" data-widget_type=\"heading.default\">\n\t\t\t\t<div class=\"elementor-widget-container\">\n\t\t\t\t\t<h2 class=\"elementor-heading-title elementor-size-default\">Spectacle de No\u00ebl<\/h2>\t\t\t\t<\/div>\n\t\t\t\t<\/div>\n\t\t\t\t<section class=\"elementor-section elementor-inner-section elementor-element elementor-element-d6e6cba elementor-section-boxed elementor-section-height-default elementor-section-height-default\" data-id=\"d6e6cba\" data-element_type=\"section\">\n\t\t\t\t\t\t<div class=\"elementor-container elementor-column-gap-default\">\n\t\t\t\t\t<div class=\"elementor-column elementor-col-50 elementor-inner-column elementor-element elementor-element-e46b44a\" data-id=\"e46b44a\" data-element_type=\"column\">\n\t\t\t<div class=\"elementor-widget-wrap elementor-element-populated\">\n\t\t\t\t\t\t<div class=\"elementor-element elementor-element-6e1c080 elementor-widget elementor-widget-image\" data-id=\"6e1c080\" data-element_type=\"widget\" data-widget_type=\"image.default\">\n\t\t\t\t<div class=\"elementor-widget-container\">\n\t\t\t\t\t\t\t\t\t\t\t\t\t\t\t<img decoding=\"async\" src=\"http:\/\/centre-danse.fr\/wp-content\/uploads\/elementor\/thumbs\/Affiche-Telethon-LCLC-scaled-qfoo3fuyn64b52nzepdt2bdboc5rl1siv9ljrnoija.jpg\" title=\"Affiche Telethon LCLC\" alt=\"Affiche Telethon LCLC\" loading=\"lazy\" \/>\t\t\t\t\t\t\t\t\t\t\t\t\t\t\t<\/div>\n\t\t\t\t<\/div>\n\t\t\t\t\t<\/div>\n\t\t<\/div>\n\t\t\t\t<div class=\"elementor-column elementor-col-50 elementor-inner-column elementor-element elementor-element-56999aa\" data-id=\"56999aa\" data-element_type=\"column\">\n\t\t\t<div class=\"elementor-widget-wrap elementor-element-populated\">\n\t\t\t\t\t\t<div class=\"elementor-element elementor-element-b4ae215 elementor-widget elementor-widget-text-editor\" data-id=\"b4ae215\" data-element_type=\"widget\" data-widget_type=\"text-editor.default\">\n\t\t\t\t<div class=\"elementor-widget-container\">\n\t\t\t\t\t\t\t\t\t<p>Ce spectacle caritatif est donn\u00e9 au profit\u00a0 de La Ligue contre le cancer et de l&rsquo;AFM T\u00e9l\u00e9thon.<\/p><p>Les \u00e9l\u00e8ves de l&rsquo;association, petits et grands, investissent le parquet du Palais des sports le <strong>samedi 23 d\u00e9cembre 2023<\/strong> pour 1h de repr\u00e9sentation.<\/p><p>Nous vous proposons tout au long de la journ\u00e9e et de la soir\u00e9e une buvette avec boissons et p\u00e2tisseries.<\/p><p><strong>Billetterie<\/strong> :<\/p><ul><li>13 d\u00e9cembre &#8211; 15h \u00e0 16h30 &#8211; Centre Pierre Cardinal<\/li><li>16 d\u00e9cembre &#8211; 10h \u00e0 12h &#8211; Centre Pierre Cardinal<\/li><li>Sur place d\u00e8s 11h<\/li><\/ul><p>Entr\u00e9e 5\u20ac (<em>gratuit pour les moins de 3 ans)\u00a0<\/em><\/p><div>\u00a0<\/div>\t\t\t\t\t\t\t\t<\/div>\n\t\t\t\t<\/div>\n\t\t\t\t\t<\/div>\n\t\t<\/div>\n\t\t\t\t\t<\/div>\n\t\t<\/section>\n\t\t\t\t<div class=\"elementor-element elementor-element-97df8de elementor-widget elementor-widget-heading\" data-id=\"97df8de\" data-element_type=\"widget\" data-widget_type=\"heading.default\">\n\t\t\t\t<div class=\"elementor-widget-container\">\n\t\t\t\t\t<h2 class=\"elementor-heading-title elementor-size-default\">Stage de Danse 2023<\/h2>\t\t\t\t<\/div>\n\t\t\t\t<\/div>\n\t\t\t\t<section class=\"elementor-section elementor-inner-section elementor-element elementor-element-1d43e39 elementor-section-boxed elementor-section-height-default elementor-section-height-default\" data-id=\"1d43e39\" data-element_type=\"section\">\n\t\t\t\t\t\t<div class=\"elementor-container elementor-column-gap-default\">\n\t\t\t\t\t<div class=\"elementor-column elementor-col-50 elementor-inner-column elementor-element elementor-element-d55c629\" data-id=\"d55c629\" data-element_type=\"column\">\n\t\t\t<div class=\"elementor-widget-wrap elementor-element-populated\">\n\t\t\t\t\t\t<div class=\"elementor-element elementor-element-0edea29 elementor-widget elementor-widget-image\" data-id=\"0edea29\" data-element_type=\"widget\" data-widget_type=\"image.default\">\n\t\t\t\t<div class=\"elementor-widget-container\">\n\t\t\t\t\t\t\t\t\t\t\t\t\t\t\t<img decoding=\"async\" src=\"http:\/\/centre-danse.fr\/wp-content\/uploads\/elementor\/thumbs\/Stage-Marine-RAY-qdzp1lkjyt6cb0asgkuxcpa4cyraclk5dgrrcs5i2q.jpg\" title=\"Stage Marine RAY\" alt=\"Stage Marine RAY\" loading=\"lazy\" \/>\t\t\t\t\t\t\t\t\t\t\t\t\t\t\t<\/div>\n\t\t\t\t<\/div>\n\t\t\t\t\t<\/div>\n\t\t<\/div>\n\t\t\t\t<div class=\"elementor-column elementor-col-50 elementor-inner-column elementor-element elementor-element-c431e51\" data-id=\"c431e51\" data-element_type=\"column\">\n\t\t\t<div class=\"elementor-widget-wrap elementor-element-populated\">\n\t\t\t\t\t\t<div class=\"elementor-element elementor-element-8a12f38 elementor-widget elementor-widget-text-editor\" data-id=\"8a12f38\" data-element_type=\"widget\" data-widget_type=\"text-editor.default\">\n\t\t\t\t<div class=\"elementor-widget-container\">\n\t\t\t\t\t\t\t\t\t<p style=\"text-align: center;\"><span style=\"font-weight: bold;\">\u00a0<\/span><\/p><p style=\"text-align: center;\"><span style=\"font-weight: bold;\">1er stage de cette nouvelle saison<\/span><\/p><p style=\"text-align: center;\"><span style=\"font-weight: bold;\">\u00a0Modern Jazz <\/span><strong>avec Marine RAY\u00a0<\/strong><\/p><p>Gymnase Marcel Pagnol &#8211; Le Puy-en-Velay<\/p><p style=\"text-align: center;\">Ouvert \u00e0 tous !\u00a0<span style=\"color: var( --e-global-color-text ); font-family: var( --e-global-typography-text-font-family ), Sans-serif; font-weight: var( --e-global-typography-text-font-weight );\">(<\/span><i style=\"color: var( --e-global-color-text ); font-family: var( --e-global-typography-text-font-family ), Sans-serif; font-weight: var( --e-global-typography-text-font-weight );\">d\u00e8s 12 ans<\/i><span style=\"color: var( --e-global-color-text ); font-family: var( --e-global-typography-text-font-family ), Sans-serif; font-weight: var( --e-global-typography-text-font-weight );\">)<\/span><br \/>20 euros le cours<\/p><p style=\"text-align: center;\"><em>Renseignements et inscriptions : associationcentredanse@hot<wbr \/>mail.fr<\/em><\/p>\t\t\t\t\t\t\t\t<\/div>\n\t\t\t\t<\/div>\n\t\t\t\t\t<\/div>\n\t\t<\/div>\n\t\t\t\t\t<\/div>\n\t\t<\/section>\n\t\t\t\t<div class=\"elementor-element elementor-element-244d60e elementor-widget elementor-widget-spacer\" data-id=\"244d60e\" data-element_type=\"widget\" data-widget_type=\"spacer.default\">\n\t\t\t\t<div class=\"elementor-widget-container\">\n\t\t\t\t\t\t\t<div class=\"elementor-spacer\">\n\t\t\t<div class=\"elementor-spacer-inner\"><\/div>\n\t\t<\/div>\n\t\t\t\t\t\t<\/div>\n\t\t\t\t<\/div>\n\t\t\t\t<section class=\"elementor-section elementor-inner-section elementor-element elementor-element-cf9f3a9 elementor-section-boxed elementor-section-height-default elementor-section-height-default\" data-id=\"cf9f3a9\" data-element_type=\"section\">\n\t\t\t\t\t\t<div class=\"elementor-container elementor-column-gap-default\">\n\t\t\t\t\t<div class=\"elementor-column elementor-col-100 elementor-inner-column elementor-element elementor-element-6298641\" data-id=\"6298641\" data-element_type=\"column\">\n\t\t\t<div class=\"elementor-widget-wrap\">\n\t\t\t\t\t\t\t<\/div>\n\t\t<\/div>\n\t\t\t\t\t<\/div>\n\t\t<\/section>\n\t\t\t\t<div class=\"elementor-element elementor-element-2538217 elementor-widget elementor-widget-spacer\" data-id=\"2538217\" data-element_type=\"widget\" data-widget_type=\"spacer.default\">\n\t\t\t\t<div class=\"elementor-widget-container\">\n\t\t\t\t\t\t\t<div class=\"elementor-spacer\">\n\t\t\t<div class=\"elementor-spacer-inner\"><\/div>\n\t\t<\/div>\n\t\t\t\t\t\t<\/div>\n\t\t\t\t<\/div>\n\t\t\t\t<div class=\"elementor-element elementor-element-e695e39 elementor-widget elementor-widget-heading\" data-id=\"e695e39\" data-element_type=\"widget\" data-widget_type=\"heading.default\">\n\t\t\t\t<div class=\"elementor-widget-container\">\n\t\t\t\t\t<h2 class=\"elementor-heading-title elementor-size-default\">F\u00eate de la musique 2023<\/h2>\t\t\t\t<\/div>\n\t\t\t\t<\/div>\n\t\t\t\t<section class=\"elementor-section elementor-inner-section elementor-element elementor-element-41b3481 elementor-section-boxed elementor-section-height-default elementor-section-height-default\" data-id=\"41b3481\" data-element_type=\"section\">\n\t\t\t\t\t\t<div class=\"elementor-container elementor-column-gap-default\">\n\t\t\t\t\t<div class=\"elementor-column elementor-col-50 elementor-inner-column elementor-element elementor-element-d84417a\" data-id=\"d84417a\" data-element_type=\"column\">\n\t\t\t<div class=\"elementor-widget-wrap elementor-element-populated\">\n\t\t\t\t\t\t<div class=\"elementor-element elementor-element-9fd0d2b elementor-widget elementor-widget-image\" data-id=\"9fd0d2b\" data-element_type=\"widget\" data-widget_type=\"image.default\">\n\t\t\t\t<div class=\"elementor-widget-container\">\n\t\t\t\t\t\t\t\t\t\t\t\t\t\t\t<img loading=\"lazy\" decoding=\"async\" width=\"212\" height=\"300\" src=\"http:\/\/centre-danse.fr\/wp-content\/uploads\/2023\/06\/FB_IMG_1687256187060-212x300.jpg\" class=\"attachment-medium size-medium wp-image-4642\" alt=\"\" srcset=\"http:\/\/centre-danse.fr\/wp-content\/uploads\/2023\/06\/FB_IMG_1687256187060-212x300.jpg 212w, http:\/\/centre-danse.fr\/wp-content\/uploads\/2023\/06\/FB_IMG_1687256187060-724x1024.jpg 724w, http:\/\/centre-danse.fr\/wp-content\/uploads\/2023\/06\/FB_IMG_1687256187060-768x1087.jpg 768w, http:\/\/centre-danse.fr\/wp-content\/uploads\/2023\/06\/FB_IMG_1687256187060-1024x1449.jpg 1024w, http:\/\/centre-danse.fr\/wp-content\/uploads\/2023\/06\/FB_IMG_1687256187060-763x1080.jpg 763w, http:\/\/centre-danse.fr\/wp-content\/uploads\/2023\/06\/FB_IMG_1687256187060.jpg 1080w\" sizes=\"(max-width: 212px) 100vw, 212px\" \/>\t\t\t\t\t\t\t\t\t\t\t\t\t\t\t<\/div>\n\t\t\t\t<\/div>\n\t\t\t\t\t<\/div>\n\t\t<\/div>\n\t\t\t\t<div class=\"elementor-column elementor-col-50 elementor-inner-column elementor-element elementor-element-10a9512\" data-id=\"10a9512\" data-element_type=\"column\">\n\t\t\t<div class=\"elementor-widget-wrap elementor-element-populated\">\n\t\t\t\t\t\t<div class=\"elementor-element elementor-element-9289eb3 elementor-widget elementor-widget-text-editor\" data-id=\"9289eb3\" data-element_type=\"widget\" data-widget_type=\"text-editor.default\">\n\t\t\t\t<div class=\"elementor-widget-container\">\n\t\t\t\t\t\t\t\t\t<p>Les \u00e9l\u00e8ves de l&rsquo;association vous proposent de red\u00e9couvrir des extraits du spectacle 2023 lors de la F\u00eate de la musique.<\/p><p>Ils se produiront \u00e0 partir de 20h sur une sc\u00e8ne install\u00e9e Rue Crozatier.<\/p><p>En partenariat avec la Brasserie L&rsquo;Anicien, un agr\u00e9able moment \u00e0 passer autour d&rsquo;un verre ou d&rsquo;un en-cas.<\/p><p>Nous vous attendons nombreux !<\/p>\t\t\t\t\t\t\t\t<\/div>\n\t\t\t\t<\/div>\n\t\t\t\t\t<\/div>\n\t\t<\/div>\n\t\t\t\t\t<\/div>\n\t\t<\/section>\n\t\t\t\t<div class=\"elementor-element elementor-element-b0a5f99 elementor-widget elementor-widget-spacer\" data-id=\"b0a5f99\" data-element_type=\"widget\" data-widget_type=\"spacer.default\">\n\t\t\t\t<div class=\"elementor-widget-container\">\n\t\t\t\t\t\t\t<div class=\"elementor-spacer\">\n\t\t\t<div class=\"elementor-spacer-inner\"><\/div>\n\t\t<\/div>\n\t\t\t\t\t\t<\/div>\n\t\t\t\t<\/div>\n\t\t\t\t<div class=\"elementor-element elementor-element-359e373 elementor-widget elementor-widget-heading\" data-id=\"359e373\" data-element_type=\"widget\" data-widget_type=\"heading.default\">\n\t\t\t\t<div class=\"elementor-widget-container\">\n\t\t\t\t\t<h2 class=\"elementor-heading-title elementor-size-default\"><h2 class=\"elementor-heading-title elementor-size-default elementor-inline-editing pen\" data-elementor-setting-key=\"title\" data-pen-placeholder=\"\u00c9crivez ici...\" style=\"font-weight: 600;font-family: Roboto, sans-serif;text-align: center\">Spectacle \"ICI\"<br><\/h2><span style=\"font-size: 2.5rem;text-align: center\">2 &amp; 3 Juin 2023<\/span><\/h2>\t\t\t\t<\/div>\n\t\t\t\t<\/div>\n\t\t\t\t<section class=\"elementor-section elementor-inner-section elementor-element elementor-element-1c2f60f elementor-section-boxed elementor-section-height-default elementor-section-height-default\" data-id=\"1c2f60f\" data-element_type=\"section\">\n\t\t\t\t\t\t<div class=\"elementor-container elementor-column-gap-default\">\n\t\t\t\t\t<div class=\"elementor-column elementor-col-50 elementor-inner-column elementor-element elementor-element-6f434e8\" data-id=\"6f434e8\" data-element_type=\"column\">\n\t\t\t<div class=\"elementor-widget-wrap elementor-element-populated\">\n\t\t\t\t\t\t<div class=\"elementor-element elementor-element-39f4c78 elementor-widget elementor-widget-image\" data-id=\"39f4c78\" data-element_type=\"widget\" data-widget_type=\"image.default\">\n\t\t\t\t<div class=\"elementor-widget-container\">\n\t\t\t\t\t\t\t\t\t\t\t\t\t\t\t<img decoding=\"async\" src=\"http:\/\/centre-danse.fr\/wp-content\/uploads\/elementor\/thumbs\/Gala2023-ICI-BAT-q6awr3cxbs26554t89dwl23lh8wcmtu41i8p61q5mq.jpg\" title=\"Gala2023-ICI-BAT\" alt=\"Gala2023-ICI-BAT\" loading=\"lazy\" \/>\t\t\t\t\t\t\t\t\t\t\t\t\t\t\t<\/div>\n\t\t\t\t<\/div>\n\t\t\t\t\t<\/div>\n\t\t<\/div>\n\t\t\t\t<div class=\"elementor-column elementor-col-50 elementor-inner-column elementor-element elementor-element-b526477\" data-id=\"b526477\" data-element_type=\"column\">\n\t\t\t<div class=\"elementor-widget-wrap elementor-element-populated\">\n\t\t\t\t\t\t<div class=\"elementor-element elementor-element-f882fbf elementor-widget elementor-widget-text-editor\" data-id=\"f882fbf\" data-element_type=\"widget\" data-widget_type=\"text-editor.default\">\n\t\t\t\t<div class=\"elementor-widget-container\">\n\t\t\t\t\t\t\t\t\t<p><em><strong>Hommage au Puy-en-Velay<\/strong><\/em><\/p><p>Centre Danse vous propose son nouveau spectacle <strong>\u00ab\u00a0ICI\u00a0\u00bb cr\u00e9\u00e9 par Elsa BERAGUAS<\/strong><\/p><p><strong><em>Chor\u00e9graphies<\/em><\/strong>\u00a0:\u00a0<em>Elsa BERAGUAS &amp; Mathilde ALLEMAND (Street Dance)<\/em><\/p><p><em><strong>Danseurs<\/strong>\u00a0<\/em>:\u00a0<em>les \u00e9l\u00e8ves de l&rsquo;association<\/em><\/p><p><em><strong>Billetterie<\/strong><\/em>\u00a0:<\/p><ul><li>Dimanche 14 mai &#8211; maison des associations (salle 12) de 13h \u00e0 16h30<\/li><li>Mardi 23 mai &#8211; Centre Pierre Cardinal (salle 21) de 17h15 \u00e0 20h30<\/li><li>Les soirs de spectacle sur place d\u00e8s 19h30<\/li><li>Tarifs :<ul><li>adultes : 15\u20ac<\/li><li>enfants (- 12 ans) : 12\u20ac<\/li><\/ul><\/li><\/ul>\t\t\t\t\t\t\t\t<\/div>\n\t\t\t\t<\/div>\n\t\t\t\t\t<\/div>\n\t\t<\/div>\n\t\t\t\t\t<\/div>\n\t\t<\/section>\n\t\t\t\t<div class=\"elementor-element elementor-element-a4cca95 elementor-widget elementor-widget-spacer\" data-id=\"a4cca95\" data-element_type=\"widget\" data-widget_type=\"spacer.default\">\n\t\t\t\t<div class=\"elementor-widget-container\">\n\t\t\t\t\t\t\t<div class=\"elementor-spacer\">\n\t\t\t<div class=\"elementor-spacer-inner\"><\/div>\n\t\t<\/div>\n\t\t\t\t\t\t<\/div>\n\t\t\t\t<\/div>\n\t\t\t\t<div class=\"elementor-element elementor-element-cf41533 elementor-widget elementor-widget-heading\" data-id=\"cf41533\" data-element_type=\"widget\" data-widget_type=\"heading.default\">\n\t\t\t\t<div class=\"elementor-widget-container\">\n\t\t\t\t\t<h2 class=\"elementor-heading-title elementor-size-default\"><h2 class=\"elementor-heading-title elementor-size-default elementor-inline-editing pen\" data-elementor-setting-key=\"title\" data-pen-placeholder=\"\u00c9crivez ici...\" style=\"font-weight: var( --e-global-typography-primary-font-weight );font-family: var( --e-global-typography-primary-font-family ), Sans-serif;text-align: center\">Stage de Danse<\/h2>11 Mars 2023<\/h2>\t\t\t\t<\/div>\n\t\t\t\t<\/div>\n\t\t\t\t<section class=\"elementor-section elementor-inner-section elementor-element elementor-element-42d9715 elementor-section-boxed elementor-section-height-default elementor-section-height-default\" data-id=\"42d9715\" data-element_type=\"section\">\n\t\t\t\t\t\t<div class=\"elementor-container elementor-column-gap-default\">\n\t\t\t\t\t<div class=\"elementor-column elementor-col-50 elementor-inner-column elementor-element elementor-element-903bb46\" data-id=\"903bb46\" data-element_type=\"column\">\n\t\t\t<div class=\"elementor-widget-wrap elementor-element-populated\">\n\t\t\t\t\t\t<div class=\"elementor-element elementor-element-64ce48e elementor-widget elementor-widget-image\" data-id=\"64ce48e\" data-element_type=\"widget\" data-widget_type=\"image.default\">\n\t\t\t\t<div class=\"elementor-widget-container\">\n\t\t\t\t\t\t\t\t\t\t\t\t\t\t\t<img decoding=\"async\" src=\"http:\/\/centre-danse.fr\/wp-content\/uploads\/elementor\/thumbs\/AfficheA3-STAGE-N-CROUZET-11mars-WEB-scaled-q1kfnhk9nvvehefdzmo6ddzvogdji2spjseyi15fiu.jpg\" title=\"AfficheA3-STAGE-N-CROUZET-11mars-WEB\" alt=\"AfficheA3-STAGE-N-CROUZET-11mars-WEB\" loading=\"lazy\" \/>\t\t\t\t\t\t\t\t\t\t\t\t\t\t\t<\/div>\n\t\t\t\t<\/div>\n\t\t\t\t\t<\/div>\n\t\t<\/div>\n\t\t\t\t<div class=\"elementor-column elementor-col-50 elementor-inner-column elementor-element elementor-element-073199b\" data-id=\"073199b\" data-element_type=\"column\">\n\t\t\t<div class=\"elementor-widget-wrap elementor-element-populated\">\n\t\t\t\t\t\t<div class=\"elementor-element elementor-element-7135de7 elementor-widget elementor-widget-text-editor\" data-id=\"7135de7\" data-element_type=\"widget\" data-widget_type=\"text-editor.default\">\n\t\t\t\t<div class=\"elementor-widget-container\">\n\t\t\t\t\t\t\t\t\t<p><a href=\"http:\/\/centre-danse.fr\/?page_id=4426\">Quelques photos\u00a0<\/a><\/p><p><strong>Second stage de la saison<\/strong><\/p><p><strong>Modern&rsquo;jazz\u00a0<\/strong>avec Natacha CROUZET<\/p><p>Ouvert \u00e0 tous !\u00a0(<i>d\u00e8s 8 ans<\/i>)<br \/>renseignements: associationcentredanse@hot<wbr \/>mail.fr<\/p><p>Inscriptions par mail ou en cours aupr\u00e8s d&rsquo;Elsa<\/p>\t\t\t\t\t\t\t\t<\/div>\n\t\t\t\t<\/div>\n\t\t\t\t\t<\/div>\n\t\t<\/div>\n\t\t\t\t\t<\/div>\n\t\t<\/section>\n\t\t\t\t\t<\/div>\n\t\t<\/div>\n\t\t\t\t\t<\/div>\n\t\t<\/section>\n\t\t\t\t<section class=\"elementor-section elementor-top-section elementor-element elementor-element-876c7b8 elementor-section-boxed elementor-section-height-default elementor-section-height-default\" data-id=\"876c7b8\" data-element_type=\"section\">\n\t\t\t\t\t\t<div class=\"elementor-container elementor-column-gap-default\">\n\t\t\t\t\t<div class=\"elementor-column elementor-col-100 elementor-top-column elementor-element elementor-element-9ea6f6f\" data-id=\"9ea6f6f\" data-element_type=\"column\">\n\t\t\t<div class=\"elementor-widget-wrap elementor-element-populated\">\n\t\t\t\t\t\t<section class=\"elementor-section elementor-inner-section elementor-element elementor-element-4f08d4a elementor-section-boxed elementor-section-height-default elementor-section-height-default\" data-id=\"4f08d4a\" data-element_type=\"section\">\n\t\t\t\t\t\t<div class=\"elementor-container elementor-column-gap-default\">\n\t\t\t\t\t<div class=\"elementor-column elementor-col-50 elementor-inner-column elementor-element elementor-element-d26eea0\" data-id=\"d26eea0\" data-element_type=\"column\">\n\t\t\t<div class=\"elementor-widget-wrap elementor-element-populated\">\n\t\t\t\t\t\t<div class=\"elementor-element elementor-element-9cf7cfe elementor-widget elementor-widget-heading\" data-id=\"9cf7cfe\" data-element_type=\"widget\" data-widget_type=\"heading.default\">\n\t\t\t\t<div class=\"elementor-widget-container\">\n\t\t\t\t\t<h2 class=\"elementor-heading-title elementor-size-default\">Repr\u00e9sentation T\u00e9l\u00e9thon <br>11 d\u00e9cembre 2022<\/h2>\t\t\t\t<\/div>\n\t\t\t\t<\/div>\n\t\t\t\t\t<\/div>\n\t\t<\/div>\n\t\t\t\t<div class=\"elementor-column elementor-col-50 elementor-inner-column elementor-element elementor-element-59a8938\" data-id=\"59a8938\" data-element_type=\"column\">\n\t\t\t<div class=\"elementor-widget-wrap elementor-element-populated\">\n\t\t\t\t\t\t<div class=\"elementor-element elementor-element-7d19b3e elementor-widget elementor-widget-heading\" data-id=\"7d19b3e\" data-element_type=\"widget\" data-widget_type=\"heading.default\">\n\t\t\t\t<div class=\"elementor-widget-container\">\n\t\t\t\t\t<h2 class=\"elementor-heading-title elementor-size-default\"><h2 class=\"elementor-heading-title elementor-size-default elementor-inline-editing pen\" data-elementor-setting-key=\"title\" data-pen-placeholder=\"\u00c9crivez ici...\" style=\"font-weight: var( --e-global-typography-primary-font-weight );font-family: var( --e-global-typography-primary-font-family ), Sans-serif\">Stage de Danse<\/h2><\/h2>\t\t\t\t<\/div>\n\t\t\t\t<\/div>\n\t\t\t\t\t<\/div>\n\t\t<\/div>\n\t\t\t\t\t<\/div>\n\t\t<\/section>\n\t\t\t\t<section class=\"elementor-section elementor-inner-section elementor-element elementor-element-7e5302d elementor-section-boxed elementor-section-height-default elementor-section-height-default\" data-id=\"7e5302d\" data-element_type=\"section\">\n\t\t\t\t\t\t<div class=\"elementor-container elementor-column-gap-default\">\n\t\t\t\t\t<div class=\"elementor-column elementor-col-50 elementor-inner-column elementor-element elementor-element-160bb40\" data-id=\"160bb40\" data-element_type=\"column\">\n\t\t\t<div class=\"elementor-widget-wrap elementor-element-populated\">\n\t\t\t\t\t\t<div class=\"elementor-element elementor-element-487eb82 elementor-widget elementor-widget-image\" data-id=\"487eb82\" data-element_type=\"widget\" data-widget_type=\"image.default\">\n\t\t\t\t<div class=\"elementor-widget-container\">\n\t\t\t\t\t\t\t\t\t\t\t\t\t\t\t<img loading=\"lazy\" decoding=\"async\" width=\"724\" height=\"1024\" src=\"http:\/\/centre-danse.fr\/wp-content\/uploads\/2022\/11\/CENTREDANSE-Telethon2022-724x1024.jpg\" class=\"attachment-large size-large wp-image-4229\" alt=\"\" srcset=\"http:\/\/centre-danse.fr\/wp-content\/uploads\/2022\/11\/CENTREDANSE-Telethon2022-724x1024.jpg 724w, http:\/\/centre-danse.fr\/wp-content\/uploads\/2022\/11\/CENTREDANSE-Telethon2022-212x300.jpg 212w, http:\/\/centre-danse.fr\/wp-content\/uploads\/2022\/11\/CENTREDANSE-Telethon2022-768x1086.jpg 768w, http:\/\/centre-danse.fr\/wp-content\/uploads\/2022\/11\/CENTREDANSE-Telethon2022-1086x1536.jpg 1086w, http:\/\/centre-danse.fr\/wp-content\/uploads\/2022\/11\/CENTREDANSE-Telethon2022-1448x2048.jpg 1448w, http:\/\/centre-danse.fr\/wp-content\/uploads\/2022\/11\/CENTREDANSE-Telethon2022-1024x1448.jpg 1024w, http:\/\/centre-danse.fr\/wp-content\/uploads\/2022\/11\/CENTREDANSE-Telethon2022-764x1080.jpg 764w, http:\/\/centre-danse.fr\/wp-content\/uploads\/2022\/11\/CENTREDANSE-Telethon2022-scaled.jpg 1810w\" sizes=\"(max-width: 724px) 100vw, 724px\" \/>\t\t\t\t\t\t\t\t\t\t\t\t\t\t\t<\/div>\n\t\t\t\t<\/div>\n\t\t\t\t\t<\/div>\n\t\t<\/div>\n\t\t\t\t<div class=\"elementor-column elementor-col-50 elementor-inner-column elementor-element elementor-element-88e44dc\" data-id=\"88e44dc\" data-element_type=\"column\">\n\t\t\t<div class=\"elementor-widget-wrap elementor-element-populated\">\n\t\t\t\t\t\t<div class=\"elementor-element elementor-element-ae5e486 elementor-widget elementor-widget-image\" data-id=\"ae5e486\" data-element_type=\"widget\" data-widget_type=\"image.default\">\n\t\t\t\t<div class=\"elementor-widget-container\">\n\t\t\t\t\t\t\t\t\t\t\t\t\t\t\t<img loading=\"lazy\" decoding=\"async\" width=\"768\" height=\"1365\" src=\"http:\/\/centre-danse.fr\/wp-content\/uploads\/2022\/10\/STAGE-KATIA-2022-768x1365.jpg\" class=\"attachment-medium_large size-medium_large wp-image-4125\" alt=\"ESSAI\" srcset=\"http:\/\/centre-danse.fr\/wp-content\/uploads\/2022\/10\/STAGE-KATIA-2022-768x1365.jpg 768w, http:\/\/centre-danse.fr\/wp-content\/uploads\/2022\/10\/STAGE-KATIA-2022-169x300.jpg 169w, http:\/\/centre-danse.fr\/wp-content\/uploads\/2022\/10\/STAGE-KATIA-2022-576x1024.jpg 576w, http:\/\/centre-danse.fr\/wp-content\/uploads\/2022\/10\/STAGE-KATIA-2022-864x1536.jpg 864w, http:\/\/centre-danse.fr\/wp-content\/uploads\/2022\/10\/STAGE-KATIA-2022-1024x1820.jpg 1024w, http:\/\/centre-danse.fr\/wp-content\/uploads\/2022\/10\/STAGE-KATIA-2022-608x1080.jpg 608w, http:\/\/centre-danse.fr\/wp-content\/uploads\/2022\/10\/STAGE-KATIA-2022.jpg 1125w\" sizes=\"(max-width: 768px) 100vw, 768px\" \/>\t\t\t\t\t\t\t\t\t\t\t\t\t\t\t<\/div>\n\t\t\t\t<\/div>\n\t\t\t\t\t<\/div>\n\t\t<\/div>\n\t\t\t\t\t<\/div>\n\t\t<\/section>\n\t\t\t\t<section class=\"elementor-section elementor-inner-section elementor-element elementor-element-2a4a436 elementor-section-boxed elementor-section-height-default elementor-section-height-default\" data-id=\"2a4a436\" data-element_type=\"section\">\n\t\t\t\t\t\t<div class=\"elementor-container elementor-column-gap-default\">\n\t\t\t\t\t<div class=\"elementor-column elementor-col-50 elementor-inner-column elementor-element elementor-element-7bf1792\" data-id=\"7bf1792\" data-element_type=\"column\">\n\t\t\t<div class=\"elementor-widget-wrap elementor-element-populated\">\n\t\t\t\t\t\t<div class=\"elementor-element elementor-element-b42ceaa elementor-widget elementor-widget-text-editor\" data-id=\"b42ceaa\" data-element_type=\"widget\" data-widget_type=\"text-editor.default\">\n\t\t\t\t<div class=\"elementor-widget-container\">\n\t\t\t\t\t\t\t\t\t<p><strong>Repr\u00e9sentation au profit du T\u00e9l\u00e9thon<\/strong><\/p><p>Dimanche 11 d\u00e9cembre 2022<\/p><p>Palais des sports &#8211; Le Puy-en-Velay &#8211; 15h30<\/p><p>\u00a0<\/p>\t\t\t\t\t\t\t\t<\/div>\n\t\t\t\t<\/div>\n\t\t\t\t\t<\/div>\n\t\t<\/div>\n\t\t\t\t<div class=\"elementor-column elementor-col-50 elementor-inner-column elementor-element elementor-element-0f1e1cb\" data-id=\"0f1e1cb\" data-element_type=\"column\">\n\t\t\t<div class=\"elementor-widget-wrap elementor-element-populated\">\n\t\t\t\t\t\t<div class=\"elementor-element elementor-element-d0f23d4 elementor-widget elementor-widget-text-editor\" data-id=\"d0f23d4\" data-element_type=\"widget\" data-widget_type=\"text-editor.default\">\n\t\t\t\t<div class=\"elementor-widget-container\">\n\t\t\t\t\t\t\t\t\t<p style=\"text-align: center;\"><span style=\"font-weight: bold;\">1er stage de cette nouvelle saison<\/span><\/p><p style=\"text-align: center;\"><span style=\"font-weight: bold;\">\u00a0Contemporain\u00a0<\/span>avec Katia BENBELKACEM<span style=\"color: var( --e-global-color-text ); font-family: var( --e-global-typography-text-font-family ), Sans-serif; font-weight: var( --e-global-typography-text-font-weight );\">\u00a0<\/span><\/p><p style=\"text-align: center;\">Ouvert \u00e0 tous !\u00a0<span style=\"color: var( --e-global-color-text ); font-family: var( --e-global-typography-text-font-family ), Sans-serif; font-weight: var( --e-global-typography-text-font-weight );\">(<\/span><i style=\"color: var( --e-global-color-text ); font-family: var( --e-global-typography-text-font-family ), Sans-serif; font-weight: var( --e-global-typography-text-font-weight );\">d\u00e8s 8 ans<\/i><span style=\"color: var( --e-global-color-text ); font-family: var( --e-global-typography-text-font-family ), Sans-serif; font-weight: var( --e-global-typography-text-font-weight );\">)<\/span><br \/>20 euros le cours<br \/>renseignements: associationcentredanse@hot<wbr \/>mail.fr<\/p><p style=\"text-align: center;\">Inscriptions par mail ou en cours aupr\u00e8s d&rsquo;Elsa<\/p>\t\t\t\t\t\t\t\t<\/div>\n\t\t\t\t<\/div>\n\t\t\t\t\t<\/div>\n\t\t<\/div>\n\t\t\t\t\t<\/div>\n\t\t<\/section>\n\t\t\t\t\t<\/div>\n\t\t<\/div>\n\t\t\t\t\t<\/div>\n\t\t<\/section>\n\t\t\t\t<section class=\"elementor-section elementor-top-section elementor-element elementor-element-b07a20d elementor-section-boxed elementor-section-height-default elementor-section-height-default\" data-id=\"b07a20d\" data-element_type=\"section\">\n\t\t\t\t\t\t<div class=\"elementor-container elementor-column-gap-default\">\n\t\t\t\t\t<div class=\"elementor-column elementor-col-100 elementor-top-column elementor-element elementor-element-26b17e7\" data-id=\"26b17e7\" data-element_type=\"column\">\n\t\t\t<div class=\"elementor-widget-wrap elementor-element-populated\">\n\t\t\t\t\t\t<section class=\"elementor-section elementor-inner-section elementor-element elementor-element-3ed1755 elementor-section-boxed elementor-section-height-default elementor-section-height-default\" data-id=\"3ed1755\" data-element_type=\"section\">\n\t\t\t\t\t\t<div class=\"elementor-container elementor-column-gap-default\">\n\t\t\t\t\t<div class=\"elementor-column elementor-col-50 elementor-inner-column elementor-element elementor-element-82dc233\" data-id=\"82dc233\" data-element_type=\"column\">\n\t\t\t<div class=\"elementor-widget-wrap elementor-element-populated\">\n\t\t\t\t\t\t<div class=\"elementor-element elementor-element-872da5b elementor-widget elementor-widget-heading\" data-id=\"872da5b\" data-element_type=\"widget\" data-widget_type=\"heading.default\">\n\t\t\t\t<div class=\"elementor-widget-container\">\n\t\t\t\t\t<h2 class=\"elementor-heading-title elementor-size-default\">Spectacle \"\u00d4\"<br>24 &amp; 25 juin 2022<\/h2>\t\t\t\t<\/div>\n\t\t\t\t<\/div>\n\t\t\t\t<div class=\"elementor-element elementor-element-3969013 elementor-widget elementor-widget-image\" data-id=\"3969013\" data-element_type=\"widget\" data-widget_type=\"image.default\">\n\t\t\t\t<div class=\"elementor-widget-container\">\n\t\t\t\t\t\t\t\t\t\t\t\t\t\t\t<img loading=\"lazy\" decoding=\"async\" width=\"768\" height=\"1024\" src=\"http:\/\/centre-danse.fr\/wp-content\/uploads\/2022\/05\/Affiche-spectacle-768x1024.jpg\" class=\"attachment-large size-large wp-image-3910\" alt=\"\" srcset=\"http:\/\/centre-danse.fr\/wp-content\/uploads\/2022\/05\/Affiche-spectacle-768x1024.jpg 768w, http:\/\/centre-danse.fr\/wp-content\/uploads\/2022\/05\/Affiche-spectacle-225x300.jpg 225w, http:\/\/centre-danse.fr\/wp-content\/uploads\/2022\/05\/Affiche-spectacle-1152x1536.jpg 1152w, http:\/\/centre-danse.fr\/wp-content\/uploads\/2022\/05\/Affiche-spectacle-1536x2048.jpg 1536w, http:\/\/centre-danse.fr\/wp-content\/uploads\/2022\/05\/Affiche-spectacle-1024x1365.jpg 1024w, http:\/\/centre-danse.fr\/wp-content\/uploads\/2022\/05\/Affiche-spectacle-810x1080.jpg 810w, http:\/\/centre-danse.fr\/wp-content\/uploads\/2022\/05\/Affiche-spectacle.jpg 1772w\" sizes=\"(max-width: 768px) 100vw, 768px\" \/>\t\t\t\t\t\t\t\t\t\t\t\t\t\t\t<\/div>\n\t\t\t\t<\/div>\n\t\t\t\t<div class=\"elementor-element elementor-element-23bedb4 elementor-widget elementor-widget-text-editor\" data-id=\"23bedb4\" data-element_type=\"widget\" data-widget_type=\"text-editor.default\">\n\t\t\t\t<div class=\"elementor-widget-container\">\n\t\t\t\t\t\t\t\t\t<p><b><em>L&rsquo;eau est l&rsquo;origine de toute chose et coule dans nos vies sous de multiples formes.<\/em><br \/><\/b><\/p><p>Ce spectacle partage, par la danse et avec tendresse, l&rsquo;imaginaire commun auquel fait appel \u00ab\u00a0l&rsquo;eau\u00a0\u00bb. Il nous transporte \u00e0 travers la col\u00e8re des \u00e9l\u00e9ments, en passant par la l\u00e9g\u00e8ret\u00e9 des guinguettes, pour finir en contemplant les reflets d&rsquo;argent de la mer qu&rsquo;on voit danser, &#8230;<\/p><p><b>Billetterie<\/b> :<\/p><ul><li>Dimanche 12 Juin &#8211; Gymnase Massot de 8h45 \u00e0 13h<\/li><li>Samedi 18 juin &#8211; Centre Pierre Cardinal (salle 11) de 9h15 \u00e0 11h45<\/li><li>Les soirs de spectacle sur place d\u00e8s 19h30<\/li><li>Tarifs :<ul><li>adultes : 15\u20ac<\/li><li>enfants (- 12 ans) : 12\u20ac<\/li><\/ul><\/li><\/ul>\t\t\t\t\t\t\t\t<\/div>\n\t\t\t\t<\/div>\n\t\t\t\t\t<\/div>\n\t\t<\/div>\n\t\t\t\t<div class=\"elementor-column elementor-col-50 elementor-inner-column elementor-element elementor-element-9ecc584\" data-id=\"9ecc584\" data-element_type=\"column\">\n\t\t\t<div class=\"elementor-widget-wrap elementor-element-populated\">\n\t\t\t\t\t\t<div class=\"elementor-element elementor-element-cbb7dda elementor-widget elementor-widget-heading\" data-id=\"cbb7dda\" data-element_type=\"widget\" data-widget_type=\"heading.default\">\n\t\t\t\t<div class=\"elementor-widget-container\">\n\t\t\t\t\t<h2 class=\"elementor-heading-title elementor-size-default\">Stage de Danse<br>28 &amp; 29 avril 2022<\/h2>\t\t\t\t<\/div>\n\t\t\t\t<\/div>\n\t\t\t\t<div class=\"elementor-element elementor-element-ae4b0d3 elementor-widget elementor-widget-image\" data-id=\"ae4b0d3\" data-element_type=\"widget\" data-widget_type=\"image.default\">\n\t\t\t\t<div class=\"elementor-widget-container\">\n\t\t\t\t\t\t\t\t\t\t\t\t\t\t\t<img loading=\"lazy\" decoding=\"async\" width=\"768\" height=\"1365\" src=\"http:\/\/centre-danse.fr\/wp-content\/uploads\/2022\/03\/stage-Claire-V2-1-768x1365.png\" class=\"attachment-medium_large size-medium_large wp-image-3722\" alt=\"\" srcset=\"http:\/\/centre-danse.fr\/wp-content\/uploads\/2022\/03\/stage-Claire-V2-1-768x1365.png 768w, http:\/\/centre-danse.fr\/wp-content\/uploads\/2022\/03\/stage-Claire-V2-1-169x300.png 169w, http:\/\/centre-danse.fr\/wp-content\/uploads\/2022\/03\/stage-Claire-V2-1-576x1024.png 576w, http:\/\/centre-danse.fr\/wp-content\/uploads\/2022\/03\/stage-Claire-V2-1-864x1536.png 864w, http:\/\/centre-danse.fr\/wp-content\/uploads\/2022\/03\/stage-Claire-V2-1-1024x1820.png 1024w, http:\/\/centre-danse.fr\/wp-content\/uploads\/2022\/03\/stage-Claire-V2-1-608x1080.png 608w, http:\/\/centre-danse.fr\/wp-content\/uploads\/2022\/03\/stage-Claire-V2-1.png 1125w\" sizes=\"(max-width: 768px) 100vw, 768px\" \/>\t\t\t\t\t\t\t\t\t\t\t\t\t\t\t<\/div>\n\t\t\t\t<\/div>\n\t\t\t\t<div class=\"elementor-element elementor-element-8f5ec6b elementor-widget elementor-widget-text-editor\" data-id=\"8f5ec6b\" data-element_type=\"widget\" data-widget_type=\"text-editor.default\">\n\t\t\t\t<div class=\"elementor-widget-container\">\n\t\t\t\t\t\t\t\t\t<p><b>Stage de danse modern&rsquo;n jazz<\/b>\u00a0avec Claire Bertero. (<i>d\u00e8s 8 ans<\/i>)<br \/>Cours de Progressing Ballet\u00a0 (<i>renforcement musculaire en profondeur avec un ballon)<\/i><br \/>Ouvert \u00e0 tous !<br \/>20 euros le cours.<br \/>renseignements: 07 71 62 81 48 &#8211; associationcentredanse@hot<wbr \/>mail.fr<\/p><p>Inscriptions par mail ou sur papier libre \u00e0 remettre en cours \u00e0 Elsa<\/p>\t\t\t\t\t\t\t\t<\/div>\n\t\t\t\t<\/div>\n\t\t\t\t\t<\/div>\n\t\t<\/div>\n\t\t\t\t\t<\/div>\n\t\t<\/section>\n\t\t\t\t\t<\/div>\n\t\t<\/div>\n\t\t\t\t\t<\/div>\n\t\t<\/section>\n\t\t\t\t<section class=\"elementor-section elementor-top-section elementor-element elementor-element-cf4265f elementor-section-boxed elementor-section-height-default elementor-section-height-default\" data-id=\"cf4265f\" data-element_type=\"section\">\n\t\t\t\t\t\t<div class=\"elementor-container elementor-column-gap-default\">\n\t\t\t\t\t<div class=\"elementor-column elementor-col-50 elementor-top-column elementor-element elementor-element-5ca7e78\" data-id=\"5ca7e78\" data-element_type=\"column\">\n\t\t\t<div class=\"elementor-widget-wrap elementor-element-populated\">\n\t\t\t\t\t\t<div class=\"elementor-element elementor-element-4bcfcc3 elementor-widget elementor-widget-heading\" data-id=\"4bcfcc3\" data-element_type=\"widget\" data-widget_type=\"heading.default\">\n\t\t\t\t<div class=\"elementor-widget-container\">\n\t\t\t\t\t<h2 class=\"elementor-heading-title elementor-size-default\">Stage de Danse<\/h2>\t\t\t\t<\/div>\n\t\t\t\t<\/div>\n\t\t\t\t\t<\/div>\n\t\t<\/div>\n\t\t\t\t<div class=\"elementor-column elementor-col-50 elementor-top-column elementor-element elementor-element-0a2f8f3\" data-id=\"0a2f8f3\" data-element_type=\"column\">\n\t\t\t<div class=\"elementor-widget-wrap elementor-element-populated\">\n\t\t\t\t\t\t<div class=\"elementor-element elementor-element-be706bf elementor-widget elementor-widget-heading\" data-id=\"be706bf\" data-element_type=\"widget\" data-widget_type=\"heading.default\">\n\t\t\t\t<div class=\"elementor-widget-container\">\n\t\t\t\t\t<h2 class=\"elementor-heading-title elementor-size-default\">Spectacle<br>\"DANS'ESSENTIELLES\"<br>2 - 3 &amp; 4 juillet 2021<\/h2>\t\t\t\t<\/div>\n\t\t\t\t<\/div>\n\t\t\t\t<div class=\"elementor-element elementor-element-0cd13d9 elementor-widget elementor-widget-image\" data-id=\"0cd13d9\" data-element_type=\"widget\" data-widget_type=\"image.default\">\n\t\t\t\t<div class=\"elementor-widget-container\">\n\t\t\t\t\t\t\t\t\t\t\t\t\t\t\t<img loading=\"lazy\" decoding=\"async\" width=\"724\" height=\"1024\" src=\"http:\/\/centre-danse.fr\/wp-content\/uploads\/2022\/03\/Affiche-724x1024.jpg\" class=\"attachment-large size-large wp-image-3727\" alt=\"\" srcset=\"http:\/\/centre-danse.fr\/wp-content\/uploads\/2022\/03\/Affiche-724x1024.jpg 724w, http:\/\/centre-danse.fr\/wp-content\/uploads\/2022\/03\/Affiche-212x300.jpg 212w, http:\/\/centre-danse.fr\/wp-content\/uploads\/2022\/03\/Affiche-768x1086.jpg 768w, http:\/\/centre-danse.fr\/wp-content\/uploads\/2022\/03\/Affiche-1086x1536.jpg 1086w, http:\/\/centre-danse.fr\/wp-content\/uploads\/2022\/03\/Affiche-1448x2048.jpg 1448w, http:\/\/centre-danse.fr\/wp-content\/uploads\/2022\/03\/Affiche-1024x1448.jpg 1024w, http:\/\/centre-danse.fr\/wp-content\/uploads\/2022\/03\/Affiche-764x1080.jpg 764w, http:\/\/centre-danse.fr\/wp-content\/uploads\/2022\/03\/Affiche-scaled.jpg 1810w\" sizes=\"(max-width: 724px) 100vw, 724px\" \/>\t\t\t\t\t\t\t\t\t\t\t\t\t\t\t<\/div>\n\t\t\t\t<\/div>\n\t\t\t\t\t<\/div>\n\t\t<\/div>\n\t\t\t\t\t<\/div>\n\t\t<\/section>\n\t\t\t\t<section class=\"elementor-section elementor-top-section elementor-element elementor-element-6c0f9e4 elementor-section-boxed elementor-section-height-default elementor-section-height-default\" data-id=\"6c0f9e4\" data-element_type=\"section\">\n\t\t\t\t\t\t<div class=\"elementor-container elementor-column-gap-default\">\n\t\t\t\t\t<div class=\"elementor-column elementor-col-50 elementor-top-column elementor-element elementor-element-9bc696e\" data-id=\"9bc696e\" data-element_type=\"column\">\n\t\t\t<div class=\"elementor-widget-wrap elementor-element-populated\">\n\t\t\t\t\t\t<div class=\"elementor-element elementor-element-8bb025e elementor-widget elementor-widget-heading\" data-id=\"8bb025e\" data-element_type=\"widget\" data-widget_type=\"heading.default\">\n\t\t\t\t<div class=\"elementor-widget-container\">\n\t\t\t\t\t<h2 class=\"elementor-heading-title elementor-size-default\">Spectacle 2019<\/h2>\t\t\t\t<\/div>\n\t\t\t\t<\/div>\n\t\t\t\t\t<\/div>\n\t\t<\/div>\n\t\t\t\t<div class=\"elementor-column elementor-col-50 elementor-top-column elementor-element elementor-element-e498062\" data-id=\"e498062\" data-element_type=\"column\">\n\t\t\t<div class=\"elementor-widget-wrap elementor-element-populated\">\n\t\t\t\t\t\t<div class=\"elementor-element elementor-element-c6a3b15 elementor-widget elementor-widget-heading\" data-id=\"c6a3b15\" data-element_type=\"widget\" data-widget_type=\"heading.default\">\n\t\t\t\t<div class=\"elementor-widget-container\">\n\t\t\t\t\t<h2 class=\"elementor-heading-title elementor-size-default\">Spectacle 2018<\/h2>\t\t\t\t<\/div>\n\t\t\t\t<\/div>\n\t\t\t\t\t<\/div>\n\t\t<\/div>\n\t\t\t\t\t<\/div>\n\t\t<\/section>\n\t\t\t\t<section class=\"elementor-section elementor-top-section elementor-element elementor-element-f861f3d elementor-section-boxed elementor-section-height-default elementor-section-height-default\" data-id=\"f861f3d\" data-element_type=\"section\">\n\t\t\t\t\t\t<div class=\"elementor-container elementor-column-gap-default\">\n\t\t\t\t\t<div class=\"elementor-column elementor-col-100 elementor-top-column elementor-element elementor-element-7d01a5b\" data-id=\"7d01a5b\" data-element_type=\"column\">\n\t\t\t<div class=\"elementor-widget-wrap elementor-element-populated\">\n\t\t\t\t\t\t<section class=\"elementor-section elementor-inner-section elementor-element elementor-element-79b429f elementor-section-boxed elementor-section-height-default elementor-section-height-default\" data-id=\"79b429f\" data-element_type=\"section\">\n\t\t\t\t\t\t<div class=\"elementor-container elementor-column-gap-default\">\n\t\t\t\t\t<div class=\"elementor-column elementor-col-50 elementor-inner-column elementor-element elementor-element-ceed1b9\" data-id=\"ceed1b9\" data-element_type=\"column\">\n\t\t\t<div class=\"elementor-widget-wrap elementor-element-populated\">\n\t\t\t\t\t\t<div class=\"elementor-element elementor-element-fcaf31a elementor-widget elementor-widget-heading\" data-id=\"fcaf31a\" data-element_type=\"widget\" data-widget_type=\"heading.default\">\n\t\t\t\t<div class=\"elementor-widget-container\">\n\t\t\t\t\t<h2 class=\"elementor-heading-title elementor-size-default\">Stage De  Danse<\/h2>\t\t\t\t<\/div>\n\t\t\t\t<\/div>\n\t\t\t\t<div class=\"elementor-element elementor-element-4059d4b elementor-widget elementor-widget-image\" data-id=\"4059d4b\" data-element_type=\"widget\" data-widget_type=\"image.default\">\n\t\t\t\t<div class=\"elementor-widget-container\">\n\t\t\t\t\t\t\t\t\t\t\t\t\t\t\t<img loading=\"lazy\" decoding=\"async\" width=\"679\" height=\"960\" src=\"http:\/\/centre-danse.fr\/wp-content\/uploads\/2018\/03\/26231266_1597217673690168_2751371346370264288_n.jpg\" class=\"attachment-medium_large size-medium_large wp-image-1711\" alt=\"\" srcset=\"http:\/\/centre-danse.fr\/wp-content\/uploads\/2018\/03\/26231266_1597217673690168_2751371346370264288_n.jpg 679w, http:\/\/centre-danse.fr\/wp-content\/uploads\/2018\/03\/26231266_1597217673690168_2751371346370264288_n-212x300.jpg 212w\" sizes=\"(max-width: 679px) 100vw, 679px\" \/>\t\t\t\t\t\t\t\t\t\t\t\t\t\t\t<\/div>\n\t\t\t\t<\/div>\n\t\t\t\t<div class=\"elementor-element elementor-element-b3cfe0b elementor-widget elementor-widget-text-editor\" data-id=\"b3cfe0b\" data-element_type=\"widget\" data-widget_type=\"text-editor.default\">\n\t\t\t\t<div class=\"elementor-widget-container\">\n\t\t\t\t\t\t\t\t\t<p><span class=\"_4n-j _3cht fsl\" data-testid=\"event-permalink-details\"><b>Stage de danse modern&rsquo;n jazz<\/b> avec Claire Bertero. (<i>d\u00e8s 8 ans<\/i>)<br>Cours de Progressing Ballet Technique (<i>renforcement musculaire en profondeur avec un ballon- d\u00e8s 12 ans<\/i>)<br>Ouvert \u00e0 tous !<br>15 euros le cours.<br>renseignements: 07 71 62 81 48 &#8211; associationcentredanse@hot<wbr>mail.fr<\/span><\/p>\t\t\t\t\t\t\t\t<\/div>\n\t\t\t\t<\/div>\n\t\t\t\t\t<\/div>\n\t\t<\/div>\n\t\t\t\t<div class=\"elementor-column elementor-col-50 elementor-inner-column elementor-element elementor-element-e2fe1ea\" data-id=\"e2fe1ea\" data-element_type=\"column\">\n\t\t\t<div class=\"elementor-widget-wrap elementor-element-populated\">\n\t\t\t\t\t\t<div class=\"elementor-element elementor-element-f0eb934 elementor-widget elementor-widget-heading\" data-id=\"f0eb934\" data-element_type=\"widget\" data-widget_type=\"heading.default\">\n\t\t\t\t<div class=\"elementor-widget-container\">\n\t\t\t\t\t<h2 class=\"elementor-heading-title elementor-size-default\">Soir\u00e9e Masqu\u00e9e<\/h2>\t\t\t\t<\/div>\n\t\t\t\t<\/div>\n\t\t\t\t<div class=\"elementor-element elementor-element-7287ac6 elementor-widget elementor-widget-image\" data-id=\"7287ac6\" data-element_type=\"widget\" data-widget_type=\"image.default\">\n\t\t\t\t<div class=\"elementor-widget-container\">\n\t\t\t\t\t\t\t\t\t\t\t\t\t\t\t<img loading=\"lazy\" decoding=\"async\" width=\"679\" height=\"960\" src=\"http:\/\/centre-danse.fr\/wp-content\/uploads\/2018\/03\/20638842_1608215149257087_2552170094890749617_n.jpg\" class=\"attachment-medium_large size-medium_large wp-image-1712\" alt=\"\" srcset=\"http:\/\/centre-danse.fr\/wp-content\/uploads\/2018\/03\/20638842_1608215149257087_2552170094890749617_n.jpg 679w, http:\/\/centre-danse.fr\/wp-content\/uploads\/2018\/03\/20638842_1608215149257087_2552170094890749617_n-212x300.jpg 212w\" sizes=\"(max-width: 679px) 100vw, 679px\" \/>\t\t\t\t\t\t\t\t\t\t\t\t\t\t\t<\/div>\n\t\t\t\t<\/div>\n\t\t\t\t<div class=\"elementor-element elementor-element-0bbc188 elementor-widget elementor-widget-text-editor\" data-id=\"0bbc188\" data-element_type=\"widget\" data-widget_type=\"text-editor.default\">\n\t\t\t\t<div class=\"elementor-widget-container\">\n\t\t\t\t\t\t\t\t\t<p>Centre Danse organise, au Michelet , une soir\u00e9e masqu\u00e9e !<br \/>entr\u00e9e: 3 euros<br \/>KDOS<br \/>La recette des entr\u00e9es sera revers\u00e9e \u00e0 l&rsquo;association .<br \/>On vous attend!<\/p>\t\t\t\t\t\t\t\t<\/div>\n\t\t\t\t<\/div>\n\t\t\t\t\t<\/div>\n\t\t<\/div>\n\t\t\t\t\t<\/div>\n\t\t<\/section>\n\t\t\t\t\t<\/div>\n\t\t<\/div>\n\t\t\t\t\t<\/div>\n\t\t<\/section>\n\t\t\t\t<section class=\"elementor-section elementor-top-section elementor-element elementor-element-cef3a18 elementor-section-boxed elementor-section-height-default elementor-section-height-default\" data-id=\"cef3a18\" data-element_type=\"section\">\n\t\t\t\t\t\t<div class=\"elementor-container elementor-column-gap-default\">\n\t\t\t\t\t<div class=\"elementor-column elementor-col-100 elementor-top-column elementor-element elementor-element-84a5828\" data-id=\"84a5828\" data-element_type=\"column\">\n\t\t\t<div class=\"elementor-widget-wrap elementor-element-populated\">\n\t\t\t\t\t\t<section class=\"elementor-section elementor-inner-section elementor-element elementor-element-25d2ded elementor-section-boxed elementor-section-height-default elementor-section-height-default\" data-id=\"25d2ded\" data-element_type=\"section\">\n\t\t\t\t\t\t<div class=\"elementor-container elementor-column-gap-default\">\n\t\t\t\t\t<div class=\"elementor-column elementor-col-50 elementor-inner-column elementor-element elementor-element-1804ad7\" data-id=\"1804ad7\" data-element_type=\"column\">\n\t\t\t<div class=\"elementor-widget-wrap elementor-element-populated\">\n\t\t\t\t\t\t<div class=\"elementor-element elementor-element-bfe5d8a elementor-widget elementor-widget-heading\" data-id=\"bfe5d8a\" data-element_type=\"widget\" data-widget_type=\"heading.default\">\n\t\t\t\t<div class=\"elementor-widget-container\">\n\t\t\t\t\t<h2 class=\"elementor-heading-title elementor-size-default\">Spectacle <br>\"une Rose, un Prince et un Mouton \" <br>2 &amp; 3 juin 2017<\/h2>\t\t\t\t<\/div>\n\t\t\t\t<\/div>\n\t\t\t\t<div class=\"elementor-element elementor-element-a47469d elementor-widget elementor-widget-image\" data-id=\"a47469d\" data-element_type=\"widget\" data-widget_type=\"image.default\">\n\t\t\t\t<div class=\"elementor-widget-container\">\n\t\t\t\t\t\t\t\t\t\t\t\t\t\t\t<img loading=\"lazy\" decoding=\"async\" width=\"679\" height=\"960\" src=\"http:\/\/centre-danse.fr\/wp-content\/uploads\/2018\/03\/18555887_1364307300314541_9065735843857057482_n-1.jpg\" class=\"attachment-medium_large size-medium_large wp-image-1750\" alt=\"\" srcset=\"http:\/\/centre-danse.fr\/wp-content\/uploads\/2018\/03\/18555887_1364307300314541_9065735843857057482_n-1.jpg 679w, http:\/\/centre-danse.fr\/wp-content\/uploads\/2018\/03\/18555887_1364307300314541_9065735843857057482_n-1-212x300.jpg 212w\" sizes=\"(max-width: 679px) 100vw, 679px\" \/>\t\t\t\t\t\t\t\t\t\t\t\t\t\t\t<\/div>\n\t\t\t\t<\/div>\n\t\t\t\t<div class=\"elementor-element elementor-element-5bc19ae elementor-widget elementor-widget-text-editor\" data-id=\"5bc19ae\" data-element_type=\"widget\" data-widget_type=\"text-editor.default\">\n\t\t\t\t<div class=\"elementor-widget-container\">\n\t\t\t\t\t\t\t\t\t<p><b>Billetterie<\/b> : samedi 20 mai de 11h \u00e0 14h \/ mercredi 24 mai de 18h \u00e0 20h au Centre Pierre Cardinal et les jours de spectacle sur place avant le spectacle.<\/p>\t\t\t\t\t\t\t\t<\/div>\n\t\t\t\t<\/div>\n\t\t\t\t\t<\/div>\n\t\t<\/div>\n\t\t\t\t<div class=\"elementor-column elementor-col-50 elementor-inner-column elementor-element elementor-element-f156919\" data-id=\"f156919\" data-element_type=\"column\">\n\t\t\t<div class=\"elementor-widget-wrap\">\n\t\t\t\t\t\t\t<\/div>\n\t\t<\/div>\n\t\t\t\t\t<\/div>\n\t\t<\/section>\n\t\t\t\t\t<\/div>\n\t\t<\/div>\n\t\t\t\t\t<\/div>\n\t\t<\/section>\n\t\t\t\t<section class=\"elementor-section elementor-top-section elementor-element elementor-element-9f0f593 elementor-section-boxed elementor-section-height-default elementor-section-height-default\" data-id=\"9f0f593\" data-element_type=\"section\">\n\t\t\t\t\t\t<div class=\"elementor-container elementor-column-gap-default\">\n\t\t\t\t\t<div class=\"elementor-column elementor-col-100 elementor-top-column elementor-element elementor-element-bc4bef0\" data-id=\"bc4bef0\" data-element_type=\"column\">\n\t\t\t<div class=\"elementor-widget-wrap elementor-element-populated\">\n\t\t\t\t\t\t<section class=\"elementor-section elementor-inner-section elementor-element elementor-element-a869d8f elementor-section-boxed elementor-section-height-default elementor-section-height-default\" data-id=\"a869d8f\" data-element_type=\"section\">\n\t\t\t\t\t\t<div class=\"elementor-container elementor-column-gap-default\">\n\t\t\t\t\t<div class=\"elementor-column elementor-col-50 elementor-inner-column elementor-element elementor-element-7602995\" data-id=\"7602995\" data-element_type=\"column\">\n\t\t\t<div class=\"elementor-widget-wrap\">\n\t\t\t\t\t\t\t<\/div>\n\t\t<\/div>\n\t\t\t\t<div class=\"elementor-column elementor-col-50 elementor-inner-column elementor-element elementor-element-b8072ac\" data-id=\"b8072ac\" data-element_type=\"column\">\n\t\t\t<div class=\"elementor-widget-wrap\">\n\t\t\t\t\t\t\t<\/div>\n\t\t<\/div>\n\t\t\t\t\t<\/div>\n\t\t<\/section>\n\t\t\t\t\t<\/div>\n\t\t<\/div>\n\t\t\t\t\t<\/div>\n\t\t<\/section>\n\t\t\t\t<\/div>\n\t\t","protected":false},"excerpt":{"rendered":"<p>Stages de danse 2026 Samedi 18 avril 2026 Modern&rsquo;Jazz avec Natacha CROUZET Nous avons le plaisir d&rsquo;accueillir une nouvelle fois Natacha qui vous propose 2 cours de danse modern&rsquo;jazz :&hellip; <br \/> <a class=\"read-more\" href=\"http:\/\/centre-danse.fr\/?page_id=2196\">Lire la suite<\/a><\/p>\n","protected":false},"author":1,"featured_media":2385,"parent":0,"menu_order":0,"comment_status":"closed","ping_status":"closed","template":"","meta":{"footnotes":""},"class_list":["post-2196","page","type-page","status-publish","has-post-thumbnail","hentry"],"_links":{"self":[{"href":"http:\/\/centre-danse.fr\/index.php?rest_route=\/wp\/v2\/pages\/2196","targetHints":{"allow":["GET"]}}],"collection":[{"href":"http:\/\/centre-danse.fr\/index.php?rest_route=\/wp\/v2\/pages"}],"about":[{"href":"http:\/\/centre-danse.fr\/index.php?rest_route=\/wp\/v2\/types\/page"}],"author":[{"embeddable":true,"href":"http:\/\/centre-danse.fr\/index.php?rest_route=\/wp\/v2\/users\/1"}],"replies":[{"embeddable":true,"href":"http:\/\/centre-danse.fr\/index.php?rest_route=%2Fwp%2Fv2%2Fcomments&post=2196"}],"version-history":[{"count":196,"href":"http:\/\/centre-danse.fr\/index.php?rest_route=\/wp\/v2\/pages\/2196\/revisions"}],"predecessor-version":[{"id":6487,"href":"http:\/\/centre-danse.fr\/index.php?rest_route=\/wp\/v2\/pages\/2196\/revisions\/6487"}],"wp:featuredmedia":[{"embeddable":true,"href":"http:\/\/centre-danse.fr\/index.php?rest_route=\/wp\/v2\/media\/2385"}],"wp:attachment":[{"href":"http:\/\/centre-danse.fr\/index.php?rest_route=%2Fwp%2Fv2%2Fmedia&parent=2196"}],"curies":[{"name":"wp","href":"https:\/\/api.w.org\/{rel}","templated":true}]}}