{"id":1742,"date":"2018-03-17T12:19:20","date_gmt":"2018-03-17T11:19:20","guid":{"rendered":"http:\/\/centre-danse.fr\/?page_id=1742"},"modified":"2025-07-24T10:04:16","modified_gmt":"2025-07-24T08:04:16","slug":"infos-pratiques","status":"publish","type":"page","link":"http:\/\/centre-danse.fr\/?page_id=1742","title":{"rendered":"Planning et Tarifs"},"content":{"rendered":"\t\t<div data-elementor-type=\"wp-page\" data-elementor-id=\"1742\" class=\"elementor elementor-1742\">\n\t\t\t\t\t\t<section class=\"elementor-section elementor-top-section elementor-element elementor-element-6f0a3c47 elementor-section-boxed elementor-section-height-default elementor-section-height-default\" data-id=\"6f0a3c47\" data-element_type=\"section\">\n\t\t\t\t\t\t<div class=\"elementor-container elementor-column-gap-default\">\n\t\t\t\t\t<div class=\"elementor-column elementor-col-100 elementor-top-column elementor-element elementor-element-2d2d616d\" data-id=\"2d2d616d\" data-element_type=\"column\">\n\t\t\t<div class=\"elementor-widget-wrap elementor-element-populated\">\n\t\t\t\t\t\t<div class=\"elementor-element elementor-element-a83b9e4 elementor-widget elementor-widget-heading\" data-id=\"a83b9e4\" data-element_type=\"widget\" data-widget_type=\"heading.default\">\n\t\t\t\t<div class=\"elementor-widget-container\">\n\t\t\t\t\t<h2 class=\"elementor-heading-title elementor-size-default\">Toutes les informations utiles<\/h2>\t\t\t\t<\/div>\n\t\t\t\t<\/div>\n\t\t\t\t<div class=\"elementor-element elementor-element-c86272f elementor-widget elementor-widget-heading\" data-id=\"c86272f\" data-element_type=\"widget\" data-widget_type=\"heading.default\">\n\t\t\t\t<div class=\"elementor-widget-container\">\n\t\t\t\t\t<h3 class=\"elementor-heading-title elementor-size-default\">niveau des cours propos\u00e9s, planning et tarifs pour l\u2019ann\u00e9e en cours <\/h3>\t\t\t\t<\/div>\n\t\t\t\t<\/div>\n\t\t\t\t<div class=\"elementor-element elementor-element-e92db00 elementor-widget elementor-widget-heading\" data-id=\"e92db00\" data-element_type=\"widget\" data-widget_type=\"heading.default\">\n\t\t\t\t<div class=\"elementor-widget-container\">\n\t\t\t\t\t<h4 class=\"elementor-heading-title elementor-size-default\"><i> ci-dessous.<\/i><\/h4>\t\t\t\t<\/div>\n\t\t\t\t<\/div>\n\t\t\t\t<div class=\"elementor-element elementor-element-2cb4f02 elementor-widget elementor-widget-text-editor\" data-id=\"2cb4f02\" data-element_type=\"widget\" data-widget_type=\"text-editor.default\">\n\t\t\t\t<div class=\"elementor-widget-container\">\n\t\t\t\t\t\t\t\t\t<p><strong>Nous vous informons que certains cours sont d&rsquo;ores et d\u00e9j\u00e0 complets ! (<em>voir d\u00e9tail en cliquant sur \u00ab\u00a0PLANNING 2025-2026\u00a0\u00bb<\/em>)<\/strong><\/p><p><em>mise \u00e0 jour le 07-07-2025<\/em><\/p><ul><li><a href=\"http:\/\/centre-danse.fr\/wp-content\/uploads\/2025\/05\/LES-COURS.pdf\">NOS COURS<\/a><\/li><li><a href=\"http:\/\/centre-danse.fr\/wp-content\/uploads\/2025\/07\/PLANNING-DES-COURS-2025-2026-INDC.pdf\">PLANNING 2025-2026<\/a><\/li><li><a href=\"http:\/\/centre-danse.fr\/wp-content\/uploads\/2025\/05\/TARIFS-INSCRIPTIONS.pdf\">TARIFS 2025-2026<\/a><\/li><\/ul>\t\t\t\t\t\t\t\t<\/div>\n\t\t\t\t<\/div>\n\t\t\t\t<div class=\"elementor-element elementor-element-1f5fe57 elementor-widget elementor-widget-heading\" data-id=\"1f5fe57\" data-element_type=\"widget\" data-widget_type=\"heading.default\">\n\t\t\t\t<div class=\"elementor-widget-container\">\n\t\t\t\t\t<h3 class=\"elementor-heading-title elementor-size-default\">Besoin de plus d'informations ? <\/h3>\t\t\t\t<\/div>\n\t\t\t\t<\/div>\n\t\t\t\t<div class=\"elementor-element elementor-element-3b24b38d elementor-widget__width-auto elementor-widget elementor-widget-text-editor\" data-id=\"3b24b38d\" data-element_type=\"widget\" data-widget_type=\"text-editor.default\">\n\t\t\t\t<div class=\"elementor-widget-container\">\n\t\t\t\t\t\t\t\t\t<h4>N\u2019h\u00e9sitez pas \u00e0 <strong>nous contacter\u00a0<\/strong>ou \u00e0 nous <strong style=\"font-size: 1.1rem; letter-spacing: 0.0625rem;\">rendre visite<\/strong><span style=\"font-size: 1.1rem; letter-spacing: 0.0625rem;\"> lors de notre journ\u00e9e d\u2019inscription le <strong>9<\/strong><\/span><strong style=\"font-size: 1.1rem; letter-spacing: 0.0625rem;\"> juillet 2025<\/strong><span style=\"font-size: 1.1rem; letter-spacing: 0.0625rem;\"> de 17h \u00e0 19h30 au Centre socio-culturel de Guitard <em>(salle de r\u00e9union 1)<\/em><\/span><\/h4><h4>ou sur notre stand du carrefour des associations le samedi 30 ao\u00fbt 2025 de 10h \u00e0 13h.<\/h4><h4>Laissez-vous tenter au son des \u00ab\u00a0Pli\u00e9, d\u00e9gag\u00e9, 5 6 7 8, bras 5\u00e8&#8230;.\u00a0\u00bb et <strong>rejoignez-nous !<\/strong><\/h4>\t\t\t\t\t\t\t\t<\/div>\n\t\t\t\t<\/div>\n\t\t\t\t\t<\/div>\n\t\t<\/div>\n\t\t\t\t\t<\/div>\n\t\t<\/section>\n\t\t\t\t<\/div>\n\t\t","protected":false},"excerpt":{"rendered":"<p>Toutes les informations utiles niveau des cours propos\u00e9s, planning et tarifs pour l\u2019ann\u00e9e en cours ci-dessous. Nous vous informons que certains cours sont d&rsquo;ores et d\u00e9j\u00e0 complets ! (voir d\u00e9tail&hellip; <br \/> <a class=\"read-more\" href=\"http:\/\/centre-danse.fr\/?page_id=1742\">Lire la suite<\/a><\/p>\n","protected":false},"author":1,"featured_media":2917,"parent":0,"menu_order":0,"comment_status":"closed","ping_status":"closed","template":"","meta":{"footnotes":""},"class_list":["post-1742","page","type-page","status-publish","has-post-thumbnail","hentry"],"_links":{"self":[{"href":"http:\/\/centre-danse.fr\/index.php?rest_route=\/wp\/v2\/pages\/1742","targetHints":{"allow":["GET"]}}],"collection":[{"href":"http:\/\/centre-danse.fr\/index.php?rest_route=\/wp\/v2\/pages"}],"about":[{"href":"http:\/\/centre-danse.fr\/index.php?rest_route=\/wp\/v2\/types\/page"}],"author":[{"embeddable":true,"href":"http:\/\/centre-danse.fr\/index.php?rest_route=\/wp\/v2\/users\/1"}],"replies":[{"embeddable":true,"href":"http:\/\/centre-danse.fr\/index.php?rest_route=%2Fwp%2Fv2%2Fcomments&post=1742"}],"version-history":[{"count":114,"href":"http:\/\/centre-danse.fr\/index.php?rest_route=\/wp\/v2\/pages\/1742\/revisions"}],"predecessor-version":[{"id":5996,"href":"http:\/\/centre-danse.fr\/index.php?rest_route=\/wp\/v2\/pages\/1742\/revisions\/5996"}],"wp:featuredmedia":[{"embeddable":true,"href":"http:\/\/centre-danse.fr\/index.php?rest_route=\/wp\/v2\/media\/2917"}],"wp:attachment":[{"href":"http:\/\/centre-danse.fr\/index.php?rest_route=%2Fwp%2Fv2%2Fmedia&parent=1742"}],"curies":[{"name":"wp","href":"https:\/\/api.w.org\/{rel}","templated":true}]}}